{"id":6375,"date":"2026-05-02T20:40:29","date_gmt":"2026-05-02T18:40:29","guid":{"rendered":"https:\/\/www.vivonsbachy.fr\/?page_id=6375"},"modified":"2026-05-02T20:40:29","modified_gmt":"2026-05-02T18:40:29","slug":"1er-mai-2026-11eme-marche-du-muguet","status":"publish","type":"page","link":"https:\/\/www.vivonsbachy.fr\/?page_id=6375","title":{"rendered":"1er mai 2026 &#8211; 11\u00e8me marche du muguet"},"content":{"rendered":"\n<p>Par un temps superbe, la 11\u00e8me marche du muguet a \u00e9t\u00e9 un succ\u00e8s total. Pr\u00e8s de 120 personnes y ont particip\u00e9, Adultes et enfants. Un parcours de 5 ou 10 km a \u00e9t\u00e9 propos\u00e9, certains participants l&rsquo;on fait en v\u00e9lo.<\/p>\n\n\n\n<p>En fin de parcours, moment convivial avec boissons et collations. Un jeu comme d&rsquo;habitude a \u00e9t\u00e9 propos\u00e9, un tirage au sort parmi les bonnes r\u00e9ponses a permis \u00e0 Madame Isabelle Lambelin de Ch\u00e9reng de gagner le panier garni de produits r\u00e9gionaux.<\/p>\n\n\n\n<figure class=\"wp-block-gallery has-nested-images columns-default is-cropped wp-block-gallery-1 is-layout-flex wp-block-gallery-is-layout-flex\">\n<figure class=\"wp-block-image size-large\"><a href=\"https:\/\/www.vivonsbachy.fr\/wp-content\/uploads\/2026\/05\/11eme-Marche-du-muguet-01-mai-2026-5J3A4639-scaled.jpg\" class=\"gallery_colorbox\"><img loading=\"lazy\" decoding=\"async\" width=\"683\" height=\"1024\" data-id=\"6377\" src=\"https:\/\/www.vivonsbachy.fr\/wp-content\/uploads\/2026\/05\/11eme-Marche-du-muguet-01-mai-2026-5J3A4639-683x1024.jpg\"  alt=\"\" class=\"wp-image-6377\" srcset=\"https:\/\/www.vivonsbachy.fr\/wp-content\/uploads\/2026\/05\/11eme-Marche-du-muguet-01-mai-2026-5J3A4639-683x1024.jpg 683w, https:\/\/www.vivonsbachy.fr\/wp-content\/uploads\/2026\/05\/11eme-Marche-du-muguet-01-mai-2026-5J3A4639-200x300.jpg 200w, https:\/\/www.vivonsbachy.fr\/wp-content\/uploads\/2026\/05\/11eme-Marche-du-muguet-01-mai-2026-5J3A4639-768x1152.jpg 768w, https:\/\/www.vivonsbachy.fr\/wp-content\/uploads\/2026\/05\/11eme-Marche-du-muguet-01-mai-2026-5J3A4639-1024x1536.jpg 1024w, https:\/\/www.vivonsbachy.fr\/wp-content\/uploads\/2026\/05\/11eme-Marche-du-muguet-01-mai-2026-5J3A4639-1365x2048.jpg 1365w, https:\/\/www.vivonsbachy.fr\/wp-content\/uploads\/2026\/05\/11eme-Marche-du-muguet-01-mai-2026-5J3A4639-scaled.jpg 1707w\" sizes=\"(max-width: 683px) 100vw, 683px\" \/><\/a><\/figure>\n\n\n\n<figure class=\"wp-block-image size-large\"><a href=\"https:\/\/www.vivonsbachy.fr\/wp-content\/uploads\/2026\/05\/11eme-Marche-du-muguet-01-mai-2026-5J3A4640-scaled.jpg\" class=\"gallery_colorbox\"><img loading=\"lazy\" decoding=\"async\" width=\"683\" height=\"1024\" data-id=\"6381\" src=\"https:\/\/www.vivonsbachy.fr\/wp-content\/uploads\/2026\/05\/11eme-Marche-du-muguet-01-mai-2026-5J3A4640-683x1024.jpg\"  alt=\"\" class=\"wp-image-6381\" srcset=\"https:\/\/www.vivonsbachy.fr\/wp-content\/uploads\/2026\/05\/11eme-Marche-du-muguet-01-mai-2026-5J3A4640-683x1024.jpg 683w, https:\/\/www.vivonsbachy.fr\/wp-content\/uploads\/2026\/05\/11eme-Marche-du-muguet-01-mai-2026-5J3A4640-200x300.jpg 200w, https:\/\/www.vivonsbachy.fr\/wp-content\/uploads\/2026\/05\/11eme-Marche-du-muguet-01-mai-2026-5J3A4640-768x1152.jpg 768w, https:\/\/www.vivonsbachy.fr\/wp-content\/uploads\/2026\/05\/11eme-Marche-du-muguet-01-mai-2026-5J3A4640-1024x1536.jpg 1024w, https:\/\/www.vivonsbachy.fr\/wp-content\/uploads\/2026\/05\/11eme-Marche-du-muguet-01-mai-2026-5J3A4640-1365x2048.jpg 1365w, https:\/\/www.vivonsbachy.fr\/wp-content\/uploads\/2026\/05\/11eme-Marche-du-muguet-01-mai-2026-5J3A4640-scaled.jpg 1707w\" sizes=\"(max-width: 683px) 100vw, 683px\" \/><\/a><\/figure>\n\n\n\n<figure class=\"wp-block-image size-large\"><a href=\"https:\/\/www.vivonsbachy.fr\/wp-content\/uploads\/2026\/05\/11eme-Marche-du-muguet-01-mai-2026-5J3A4645-scaled.jpg\" class=\"gallery_colorbox\"><img loading=\"lazy\" decoding=\"async\" width=\"1024\" height=\"683\" data-id=\"6382\" src=\"https:\/\/www.vivonsbachy.fr\/wp-content\/uploads\/2026\/05\/11eme-Marche-du-muguet-01-mai-2026-5J3A4645-1024x683.jpg\"  alt=\"\" class=\"wp-image-6382\" srcset=\"https:\/\/www.vivonsbachy.fr\/wp-content\/uploads\/2026\/05\/11eme-Marche-du-muguet-01-mai-2026-5J3A4645-1024x683.jpg 1024w, https:\/\/www.vivonsbachy.fr\/wp-content\/uploads\/2026\/05\/11eme-Marche-du-muguet-01-mai-2026-5J3A4645-300x200.jpg 300w, https:\/\/www.vivonsbachy.fr\/wp-content\/uploads\/2026\/05\/11eme-Marche-du-muguet-01-mai-2026-5J3A4645-768x512.jpg 768w, https:\/\/www.vivonsbachy.fr\/wp-content\/uploads\/2026\/05\/11eme-Marche-du-muguet-01-mai-2026-5J3A4645-1536x1024.jpg 1536w, https:\/\/www.vivonsbachy.fr\/wp-content\/uploads\/2026\/05\/11eme-Marche-du-muguet-01-mai-2026-5J3A4645-2048x1365.jpg 2048w\" sizes=\"(max-width: 1024px) 100vw, 1024px\" \/><\/a><\/figure>\n\n\n\n<figure class=\"wp-block-image size-large\"><a href=\"https:\/\/www.vivonsbachy.fr\/wp-content\/uploads\/2026\/05\/11eme-Marche-du-muguet-01-mai-2026-5J3A4656-scaled.jpg\" class=\"gallery_colorbox\"><img loading=\"lazy\" decoding=\"async\" width=\"1024\" height=\"683\" data-id=\"6384\" src=\"https:\/\/www.vivonsbachy.fr\/wp-content\/uploads\/2026\/05\/11eme-Marche-du-muguet-01-mai-2026-5J3A4656-1024x683.jpg\"  alt=\"\" class=\"wp-image-6384\" srcset=\"https:\/\/www.vivonsbachy.fr\/wp-content\/uploads\/2026\/05\/11eme-Marche-du-muguet-01-mai-2026-5J3A4656-1024x683.jpg 1024w, https:\/\/www.vivonsbachy.fr\/wp-content\/uploads\/2026\/05\/11eme-Marche-du-muguet-01-mai-2026-5J3A4656-300x200.jpg 300w, https:\/\/www.vivonsbachy.fr\/wp-content\/uploads\/2026\/05\/11eme-Marche-du-muguet-01-mai-2026-5J3A4656-768x512.jpg 768w, https:\/\/www.vivonsbachy.fr\/wp-content\/uploads\/2026\/05\/11eme-Marche-du-muguet-01-mai-2026-5J3A4656-1536x1024.jpg 1536w, https:\/\/www.vivonsbachy.fr\/wp-content\/uploads\/2026\/05\/11eme-Marche-du-muguet-01-mai-2026-5J3A4656-2048x1365.jpg 2048w\" sizes=\"(max-width: 1024px) 100vw, 1024px\" \/><\/a><\/figure>\n\n\n\n<figure class=\"wp-block-image size-large\"><a href=\"https:\/\/www.vivonsbachy.fr\/wp-content\/uploads\/2026\/05\/11eme-Marche-du-muguet-01-mai-2026-5J3A4661-scaled.jpg\" class=\"gallery_colorbox\"><img loading=\"lazy\" decoding=\"async\" width=\"1024\" height=\"683\" data-id=\"6385\" src=\"https:\/\/www.vivonsbachy.fr\/wp-content\/uploads\/2026\/05\/11eme-Marche-du-muguet-01-mai-2026-5J3A4661-1024x683.jpg\"  alt=\"\" class=\"wp-image-6385\" srcset=\"https:\/\/www.vivonsbachy.fr\/wp-content\/uploads\/2026\/05\/11eme-Marche-du-muguet-01-mai-2026-5J3A4661-1024x683.jpg 1024w, https:\/\/www.vivonsbachy.fr\/wp-content\/uploads\/2026\/05\/11eme-Marche-du-muguet-01-mai-2026-5J3A4661-300x200.jpg 300w, https:\/\/www.vivonsbachy.fr\/wp-content\/uploads\/2026\/05\/11eme-Marche-du-muguet-01-mai-2026-5J3A4661-768x512.jpg 768w, https:\/\/www.vivonsbachy.fr\/wp-content\/uploads\/2026\/05\/11eme-Marche-du-muguet-01-mai-2026-5J3A4661-1536x1024.jpg 1536w, https:\/\/www.vivonsbachy.fr\/wp-content\/uploads\/2026\/05\/11eme-Marche-du-muguet-01-mai-2026-5J3A4661-2048x1365.jpg 2048w\" sizes=\"(max-width: 1024px) 100vw, 1024px\" \/><\/a><\/figure>\n\n\n\n<figure class=\"wp-block-image size-large\"><a href=\"https:\/\/www.vivonsbachy.fr\/wp-content\/uploads\/2026\/05\/11eme-Marche-du-muguet-01-mai-2026-5J3A4670-scaled.jpg\" class=\"gallery_colorbox\"><img loading=\"lazy\" decoding=\"async\" width=\"1024\" height=\"683\" data-id=\"6386\" src=\"https:\/\/www.vivonsbachy.fr\/wp-content\/uploads\/2026\/05\/11eme-Marche-du-muguet-01-mai-2026-5J3A4670-1024x683.jpg\"  alt=\"\" class=\"wp-image-6386\" srcset=\"https:\/\/www.vivonsbachy.fr\/wp-content\/uploads\/2026\/05\/11eme-Marche-du-muguet-01-mai-2026-5J3A4670-1024x683.jpg 1024w, https:\/\/www.vivonsbachy.fr\/wp-content\/uploads\/2026\/05\/11eme-Marche-du-muguet-01-mai-2026-5J3A4670-300x200.jpg 300w, https:\/\/www.vivonsbachy.fr\/wp-content\/uploads\/2026\/05\/11eme-Marche-du-muguet-01-mai-2026-5J3A4670-768x512.jpg 768w, https:\/\/www.vivonsbachy.fr\/wp-content\/uploads\/2026\/05\/11eme-Marche-du-muguet-01-mai-2026-5J3A4670-1536x1024.jpg 1536w, https:\/\/www.vivonsbachy.fr\/wp-content\/uploads\/2026\/05\/11eme-Marche-du-muguet-01-mai-2026-5J3A4670-2048x1365.jpg 2048w\" sizes=\"(max-width: 1024px) 100vw, 1024px\" \/><\/a><\/figure>\n\n\n\n<figure class=\"wp-block-image size-large\"><a href=\"https:\/\/www.vivonsbachy.fr\/wp-content\/uploads\/2026\/05\/11eme-Marche-du-muguet-01-mai-2026-5J3A4672-scaled.jpg\" class=\"gallery_colorbox\"><img loading=\"lazy\" decoding=\"async\" width=\"1024\" height=\"683\" data-id=\"6387\" src=\"https:\/\/www.vivonsbachy.fr\/wp-content\/uploads\/2026\/05\/11eme-Marche-du-muguet-01-mai-2026-5J3A4672-1024x683.jpg\"  alt=\"\" class=\"wp-image-6387\" srcset=\"https:\/\/www.vivonsbachy.fr\/wp-content\/uploads\/2026\/05\/11eme-Marche-du-muguet-01-mai-2026-5J3A4672-1024x683.jpg 1024w, https:\/\/www.vivonsbachy.fr\/wp-content\/uploads\/2026\/05\/11eme-Marche-du-muguet-01-mai-2026-5J3A4672-300x200.jpg 300w, https:\/\/www.vivonsbachy.fr\/wp-content\/uploads\/2026\/05\/11eme-Marche-du-muguet-01-mai-2026-5J3A4672-768x512.jpg 768w, https:\/\/www.vivonsbachy.fr\/wp-content\/uploads\/2026\/05\/11eme-Marche-du-muguet-01-mai-2026-5J3A4672-1536x1024.jpg 1536w, https:\/\/www.vivonsbachy.fr\/wp-content\/uploads\/2026\/05\/11eme-Marche-du-muguet-01-mai-2026-5J3A4672-2048x1365.jpg 2048w\" sizes=\"(max-width: 1024px) 100vw, 1024px\" \/><\/a><\/figure>\n\n\n\n<figure class=\"wp-block-image size-large\"><a href=\"https:\/\/www.vivonsbachy.fr\/wp-content\/uploads\/2026\/05\/11eme-Marche-du-muguet-01-mai-2026-5J3A4676-scaled.jpg\" class=\"gallery_colorbox\"><img loading=\"lazy\" decoding=\"async\" width=\"1024\" height=\"683\" data-id=\"6388\" src=\"https:\/\/www.vivonsbachy.fr\/wp-content\/uploads\/2026\/05\/11eme-Marche-du-muguet-01-mai-2026-5J3A4676-1024x683.jpg\"  alt=\"\" class=\"wp-image-6388\" srcset=\"https:\/\/www.vivonsbachy.fr\/wp-content\/uploads\/2026\/05\/11eme-Marche-du-muguet-01-mai-2026-5J3A4676-1024x683.jpg 1024w, https:\/\/www.vivonsbachy.fr\/wp-content\/uploads\/2026\/05\/11eme-Marche-du-muguet-01-mai-2026-5J3A4676-300x200.jpg 300w, https:\/\/www.vivonsbachy.fr\/wp-content\/uploads\/2026\/05\/11eme-Marche-du-muguet-01-mai-2026-5J3A4676-768x512.jpg 768w, https:\/\/www.vivonsbachy.fr\/wp-content\/uploads\/2026\/05\/11eme-Marche-du-muguet-01-mai-2026-5J3A4676-1536x1024.jpg 1536w, https:\/\/www.vivonsbachy.fr\/wp-content\/uploads\/2026\/05\/11eme-Marche-du-muguet-01-mai-2026-5J3A4676-2048x1365.jpg 2048w\" sizes=\"(max-width: 1024px) 100vw, 1024px\" \/><\/a><\/figure>\n\n\n\n<figure class=\"wp-block-image size-large\"><a href=\"https:\/\/www.vivonsbachy.fr\/wp-content\/uploads\/2026\/05\/11eme-Marche-du-muguet-01-mai-2026-5J3A4682-scaled.jpg\" class=\"gallery_colorbox\"><img loading=\"lazy\" decoding=\"async\" width=\"1024\" height=\"683\" data-id=\"6383\" src=\"https:\/\/www.vivonsbachy.fr\/wp-content\/uploads\/2026\/05\/11eme-Marche-du-muguet-01-mai-2026-5J3A4682-1024x683.jpg\"  alt=\"\" class=\"wp-image-6383\" srcset=\"https:\/\/www.vivonsbachy.fr\/wp-content\/uploads\/2026\/05\/11eme-Marche-du-muguet-01-mai-2026-5J3A4682-1024x683.jpg 1024w, https:\/\/www.vivonsbachy.fr\/wp-content\/uploads\/2026\/05\/11eme-Marche-du-muguet-01-mai-2026-5J3A4682-300x200.jpg 300w, https:\/\/www.vivonsbachy.fr\/wp-content\/uploads\/2026\/05\/11eme-Marche-du-muguet-01-mai-2026-5J3A4682-768x512.jpg 768w, https:\/\/www.vivonsbachy.fr\/wp-content\/uploads\/2026\/05\/11eme-Marche-du-muguet-01-mai-2026-5J3A4682-1536x1024.jpg 1536w, https:\/\/www.vivonsbachy.fr\/wp-content\/uploads\/2026\/05\/11eme-Marche-du-muguet-01-mai-2026-5J3A4682-2048x1365.jpg 2048w\" sizes=\"(max-width: 1024px) 100vw, 1024px\" \/><\/a><\/figure>\n\n\n\n<figure class=\"wp-block-image size-large\"><a href=\"https:\/\/www.vivonsbachy.fr\/wp-content\/uploads\/2026\/05\/11eme-Marche-du-muguet-01-mai-2026-5J3A4690-scaled.jpg\" class=\"gallery_colorbox\"><img loading=\"lazy\" decoding=\"async\" width=\"1024\" height=\"683\" data-id=\"6378\" src=\"https:\/\/www.vivonsbachy.fr\/wp-content\/uploads\/2026\/05\/11eme-Marche-du-muguet-01-mai-2026-5J3A4690-1024x683.jpg\"  alt=\"\" class=\"wp-image-6378\" srcset=\"https:\/\/www.vivonsbachy.fr\/wp-content\/uploads\/2026\/05\/11eme-Marche-du-muguet-01-mai-2026-5J3A4690-1024x683.jpg 1024w, https:\/\/www.vivonsbachy.fr\/wp-content\/uploads\/2026\/05\/11eme-Marche-du-muguet-01-mai-2026-5J3A4690-300x200.jpg 300w, https:\/\/www.vivonsbachy.fr\/wp-content\/uploads\/2026\/05\/11eme-Marche-du-muguet-01-mai-2026-5J3A4690-768x512.jpg 768w, https:\/\/www.vivonsbachy.fr\/wp-content\/uploads\/2026\/05\/11eme-Marche-du-muguet-01-mai-2026-5J3A4690-1536x1024.jpg 1536w, https:\/\/www.vivonsbachy.fr\/wp-content\/uploads\/2026\/05\/11eme-Marche-du-muguet-01-mai-2026-5J3A4690-2048x1365.jpg 2048w\" sizes=\"(max-width: 1024px) 100vw, 1024px\" \/><\/a><\/figure>\n\n\n\n<figure class=\"wp-block-image size-large\"><a href=\"https:\/\/www.vivonsbachy.fr\/wp-content\/uploads\/2026\/05\/11eme-Marche-du-muguet-01-mai-2026-5J3A4695-scaled.jpg\" class=\"gallery_colorbox\"><img loading=\"lazy\" decoding=\"async\" width=\"1024\" height=\"683\" data-id=\"6379\" src=\"https:\/\/www.vivonsbachy.fr\/wp-content\/uploads\/2026\/05\/11eme-Marche-du-muguet-01-mai-2026-5J3A4695-1024x683.jpg\"  alt=\"\" class=\"wp-image-6379\" srcset=\"https:\/\/www.vivonsbachy.fr\/wp-content\/uploads\/2026\/05\/11eme-Marche-du-muguet-01-mai-2026-5J3A4695-1024x683.jpg 1024w, https:\/\/www.vivonsbachy.fr\/wp-content\/uploads\/2026\/05\/11eme-Marche-du-muguet-01-mai-2026-5J3A4695-300x200.jpg 300w, https:\/\/www.vivonsbachy.fr\/wp-content\/uploads\/2026\/05\/11eme-Marche-du-muguet-01-mai-2026-5J3A4695-768x512.jpg 768w, https:\/\/www.vivonsbachy.fr\/wp-content\/uploads\/2026\/05\/11eme-Marche-du-muguet-01-mai-2026-5J3A4695-1536x1024.jpg 1536w, https:\/\/www.vivonsbachy.fr\/wp-content\/uploads\/2026\/05\/11eme-Marche-du-muguet-01-mai-2026-5J3A4695-2048x1365.jpg 2048w\" sizes=\"(max-width: 1024px) 100vw, 1024px\" \/><\/a><\/figure>\n\n\n\n<figure class=\"wp-block-image size-large\"><a href=\"https:\/\/www.vivonsbachy.fr\/wp-content\/uploads\/2026\/05\/11eme-Marche-du-muguet-01-mai-2026-5J3A4697-scaled.jpg\" class=\"gallery_colorbox\"><img loading=\"lazy\" decoding=\"async\" width=\"1024\" height=\"683\" data-id=\"6380\" src=\"https:\/\/www.vivonsbachy.fr\/wp-content\/uploads\/2026\/05\/11eme-Marche-du-muguet-01-mai-2026-5J3A4697-1024x683.jpg\"  alt=\"\" class=\"wp-image-6380\" srcset=\"https:\/\/www.vivonsbachy.fr\/wp-content\/uploads\/2026\/05\/11eme-Marche-du-muguet-01-mai-2026-5J3A4697-1024x683.jpg 1024w, https:\/\/www.vivonsbachy.fr\/wp-content\/uploads\/2026\/05\/11eme-Marche-du-muguet-01-mai-2026-5J3A4697-300x200.jpg 300w, https:\/\/www.vivonsbachy.fr\/wp-content\/uploads\/2026\/05\/11eme-Marche-du-muguet-01-mai-2026-5J3A4697-768x512.jpg 768w, https:\/\/www.vivonsbachy.fr\/wp-content\/uploads\/2026\/05\/11eme-Marche-du-muguet-01-mai-2026-5J3A4697-1536x1024.jpg 1536w, https:\/\/www.vivonsbachy.fr\/wp-content\/uploads\/2026\/05\/11eme-Marche-du-muguet-01-mai-2026-5J3A4697-2048x1365.jpg 2048w\" sizes=\"(max-width: 1024px) 100vw, 1024px\" \/><\/a><\/figure>\n\n\n\n<figure class=\"wp-block-image size-large\"><a href=\"https:\/\/www.vivonsbachy.fr\/wp-content\/uploads\/2026\/05\/IMG-20260502-WA0000.jpg\" class=\"gallery_colorbox\"><img loading=\"lazy\" decoding=\"async\" width=\"768\" height=\"1024\" data-id=\"6376\" src=\"https:\/\/www.vivonsbachy.fr\/wp-content\/uploads\/2026\/05\/IMG-20260502-WA0000-768x1024.jpg\"  alt=\"\" class=\"wp-image-6376\" srcset=\"https:\/\/www.vivonsbachy.fr\/wp-content\/uploads\/2026\/05\/IMG-20260502-WA0000-768x1024.jpg 768w, https:\/\/www.vivonsbachy.fr\/wp-content\/uploads\/2026\/05\/IMG-20260502-WA0000-225x300.jpg 225w, https:\/\/www.vivonsbachy.fr\/wp-content\/uploads\/2026\/05\/IMG-20260502-WA0000-1152x1536.jpg 1152w, https:\/\/www.vivonsbachy.fr\/wp-content\/uploads\/2026\/05\/IMG-20260502-WA0000.jpg 1200w\" sizes=\"(max-width: 768px) 100vw, 768px\" \/><\/a><\/figure>\n<\/figure>\n","protected":false},"excerpt":{"rendered":"<p>Par un temps superbe, la 11\u00e8me marche du muguet a \u00e9t\u00e9 un succ\u00e8s total. Pr\u00e8s de 120 personnes y ont particip\u00e9, Adultes et enfants. Un parcours de 5 ou 10 km a \u00e9t\u00e9 propos\u00e9, certains participants l&rsquo;on fait en v\u00e9lo. &hellip; <a href=\"https:\/\/www.vivonsbachy.fr\/?page_id=6375\">Continuer la lecture <span class=\"meta-nav\">&rarr;<\/span><\/a><\/p>\n","protected":false},"author":1,"featured_media":0,"parent":6363,"menu_order":2,"comment_status":"closed","ping_status":"closed","template":"","meta":{"footnotes":""},"_links":{"self":[{"href":"https:\/\/www.vivonsbachy.fr\/index.php?rest_route=\/wp\/v2\/pages\/6375"}],"collection":[{"href":"https:\/\/www.vivonsbachy.fr\/index.php?rest_route=\/wp\/v2\/pages"}],"about":[{"href":"https:\/\/www.vivonsbachy.fr\/index.php?rest_route=\/wp\/v2\/types\/page"}],"author":[{"embeddable":true,"href":"https:\/\/www.vivonsbachy.fr\/index.php?rest_route=\/wp\/v2\/users\/1"}],"replies":[{"embeddable":true,"href":"https:\/\/www.vivonsbachy.fr\/index.php?rest_route=%2Fwp%2Fv2%2Fcomments&post=6375"}],"version-history":[{"count":1,"href":"https:\/\/www.vivonsbachy.fr\/index.php?rest_route=\/wp\/v2\/pages\/6375\/revisions"}],"predecessor-version":[{"id":6389,"href":"https:\/\/www.vivonsbachy.fr\/index.php?rest_route=\/wp\/v2\/pages\/6375\/revisions\/6389"}],"up":[{"embeddable":true,"href":"https:\/\/www.vivonsbachy.fr\/index.php?rest_route=\/wp\/v2\/pages\/6363"}],"wp:attachment":[{"href":"https:\/\/www.vivonsbachy.fr\/index.php?rest_route=%2Fwp%2Fv2%2Fmedia&parent=6375"}],"curies":[{"name":"wp","href":"https:\/\/api.w.org\/{rel}","templated":true}]}}