{"id":6296,"date":"2024-05-04T17:55:25","date_gmt":"2024-05-04T15:55:25","guid":{"rendered":"https:\/\/www.vivonsbachy.fr\/?page_id=6296"},"modified":"2024-05-04T17:55:25","modified_gmt":"2024-05-04T15:55:25","slug":"1er-mai-2024-marche-du-muguet","status":"publish","type":"page","link":"https:\/\/www.vivonsbachy.fr\/?page_id=6296","title":{"rendered":"1er mai 2024 Marche du muguet"},"content":{"rendered":"\n<p>Vivons Bachy a organis\u00e9 la 9\u00e8me marche du Muguet.<\/p>\n\n\n\n<p>Deux parcours \u00e9taient propos\u00e9s&nbsp;: 5,5 km et 10 km \u00e0 travers la P\u00e9v\u00e8le et au cours desquels il fallait trouver cinq indices (des photos) qui permettaient de reconstituer un r\u00e9bus. La phrase ainsi r\u00e9tablie donnait le droit de participer au tirage au sort parmi les bonnes r\u00e9ponses et remporter un panier garni de produits r\u00e9gionaux.<\/p>\n\n\n\n<p>Environ 100 personnes ont particip\u00e9 \u00e0 cette balade.<\/p>\n\n\n\n<p>Tout le monde s\u2019est retrouv\u00e9 en fin de parcours o\u00f9 \u00e9tait servis, rafraichissements et collations \u00e0 tous les participants grands et petits.<\/p>\n\n\n\n<p>Le tirage au sort a eu lieu vers 18h30 et c\u2019est madame Lasek, habitante de Bachy qui a gagn\u00e9 ce tr\u00e8s beau lot.<\/p>\n\n\n\n<figure class=\"wp-block-gallery has-nested-images columns-default is-cropped wp-block-gallery-1 is-layout-flex wp-block-gallery-is-layout-flex\">\n<figure class=\"wp-block-image size-large\"><a href=\"https:\/\/www.vivonsbachy.fr\/wp-content\/uploads\/2024\/05\/9eme-marche-du-muguet-01-mai-2024-5J3A3501.jpg\" class=\"gallery_colorbox\"><img loading=\"lazy\" decoding=\"async\" width=\"1024\" height=\"682\" data-id=\"6299\" src=\"https:\/\/www.vivonsbachy.fr\/wp-content\/uploads\/2024\/05\/9eme-marche-du-muguet-01-mai-2024-5J3A3501-1024x682.jpg\"  alt=\"\" class=\"wp-image-6299\" srcset=\"https:\/\/www.vivonsbachy.fr\/wp-content\/uploads\/2024\/05\/9eme-marche-du-muguet-01-mai-2024-5J3A3501-1024x682.jpg 1024w, https:\/\/www.vivonsbachy.fr\/wp-content\/uploads\/2024\/05\/9eme-marche-du-muguet-01-mai-2024-5J3A3501-300x200.jpg 300w, https:\/\/www.vivonsbachy.fr\/wp-content\/uploads\/2024\/05\/9eme-marche-du-muguet-01-mai-2024-5J3A3501-768x512.jpg 768w, https:\/\/www.vivonsbachy.fr\/wp-content\/uploads\/2024\/05\/9eme-marche-du-muguet-01-mai-2024-5J3A3501-1536x1024.jpg 1536w, https:\/\/www.vivonsbachy.fr\/wp-content\/uploads\/2024\/05\/9eme-marche-du-muguet-01-mai-2024-5J3A3501.jpg 2000w\" sizes=\"(max-width: 1024px) 100vw, 1024px\" \/><\/a><\/figure>\n\n\n\n<figure class=\"wp-block-image size-large\"><a href=\"https:\/\/www.vivonsbachy.fr\/wp-content\/uploads\/2024\/05\/9eme-marche-du-muguet-01-mai-2024-5J3A3502.jpg\" class=\"gallery_colorbox\"><img loading=\"lazy\" decoding=\"async\" width=\"1024\" height=\"682\" data-id=\"6308\" src=\"https:\/\/www.vivonsbachy.fr\/wp-content\/uploads\/2024\/05\/9eme-marche-du-muguet-01-mai-2024-5J3A3502-1024x682.jpg\"  alt=\"\" class=\"wp-image-6308\" srcset=\"https:\/\/www.vivonsbachy.fr\/wp-content\/uploads\/2024\/05\/9eme-marche-du-muguet-01-mai-2024-5J3A3502-1024x682.jpg 1024w, https:\/\/www.vivonsbachy.fr\/wp-content\/uploads\/2024\/05\/9eme-marche-du-muguet-01-mai-2024-5J3A3502-300x200.jpg 300w, https:\/\/www.vivonsbachy.fr\/wp-content\/uploads\/2024\/05\/9eme-marche-du-muguet-01-mai-2024-5J3A3502-768x512.jpg 768w, https:\/\/www.vivonsbachy.fr\/wp-content\/uploads\/2024\/05\/9eme-marche-du-muguet-01-mai-2024-5J3A3502-1536x1024.jpg 1536w, https:\/\/www.vivonsbachy.fr\/wp-content\/uploads\/2024\/05\/9eme-marche-du-muguet-01-mai-2024-5J3A3502.jpg 2000w\" sizes=\"(max-width: 1024px) 100vw, 1024px\" \/><\/a><\/figure>\n\n\n\n<figure class=\"wp-block-image size-large\"><a href=\"https:\/\/www.vivonsbachy.fr\/wp-content\/uploads\/2024\/05\/9eme-marche-du-muguet-01-mai-2024-5J3A3507.jpg\" class=\"gallery_colorbox\"><img loading=\"lazy\" decoding=\"async\" width=\"1024\" height=\"682\" data-id=\"6307\" src=\"https:\/\/www.vivonsbachy.fr\/wp-content\/uploads\/2024\/05\/9eme-marche-du-muguet-01-mai-2024-5J3A3507-1024x682.jpg\"  alt=\"\" class=\"wp-image-6307\" srcset=\"https:\/\/www.vivonsbachy.fr\/wp-content\/uploads\/2024\/05\/9eme-marche-du-muguet-01-mai-2024-5J3A3507-1024x682.jpg 1024w, https:\/\/www.vivonsbachy.fr\/wp-content\/uploads\/2024\/05\/9eme-marche-du-muguet-01-mai-2024-5J3A3507-300x200.jpg 300w, https:\/\/www.vivonsbachy.fr\/wp-content\/uploads\/2024\/05\/9eme-marche-du-muguet-01-mai-2024-5J3A3507-768x512.jpg 768w, https:\/\/www.vivonsbachy.fr\/wp-content\/uploads\/2024\/05\/9eme-marche-du-muguet-01-mai-2024-5J3A3507-1536x1024.jpg 1536w, https:\/\/www.vivonsbachy.fr\/wp-content\/uploads\/2024\/05\/9eme-marche-du-muguet-01-mai-2024-5J3A3507.jpg 2000w\" sizes=\"(max-width: 1024px) 100vw, 1024px\" \/><\/a><\/figure>\n\n\n\n<figure class=\"wp-block-image size-large\"><a href=\"https:\/\/www.vivonsbachy.fr\/wp-content\/uploads\/2024\/05\/9eme-marche-du-muguet-01-mai-2024-5J3A3509.jpg\" class=\"gallery_colorbox\"><img loading=\"lazy\" decoding=\"async\" width=\"1024\" height=\"682\" data-id=\"6305\" src=\"https:\/\/www.vivonsbachy.fr\/wp-content\/uploads\/2024\/05\/9eme-marche-du-muguet-01-mai-2024-5J3A3509-1024x682.jpg\"  alt=\"\" class=\"wp-image-6305\" srcset=\"https:\/\/www.vivonsbachy.fr\/wp-content\/uploads\/2024\/05\/9eme-marche-du-muguet-01-mai-2024-5J3A3509-1024x682.jpg 1024w, https:\/\/www.vivonsbachy.fr\/wp-content\/uploads\/2024\/05\/9eme-marche-du-muguet-01-mai-2024-5J3A3509-300x200.jpg 300w, https:\/\/www.vivonsbachy.fr\/wp-content\/uploads\/2024\/05\/9eme-marche-du-muguet-01-mai-2024-5J3A3509-768x512.jpg 768w, https:\/\/www.vivonsbachy.fr\/wp-content\/uploads\/2024\/05\/9eme-marche-du-muguet-01-mai-2024-5J3A3509-1536x1024.jpg 1536w, https:\/\/www.vivonsbachy.fr\/wp-content\/uploads\/2024\/05\/9eme-marche-du-muguet-01-mai-2024-5J3A3509.jpg 2000w\" sizes=\"(max-width: 1024px) 100vw, 1024px\" \/><\/a><\/figure>\n\n\n\n<figure class=\"wp-block-image size-large\"><a href=\"https:\/\/www.vivonsbachy.fr\/wp-content\/uploads\/2024\/05\/9eme-marche-du-muguet-01-mai-2024-5J3A3511.jpg\" class=\"gallery_colorbox\"><img loading=\"lazy\" decoding=\"async\" width=\"1024\" height=\"682\" data-id=\"6306\" src=\"https:\/\/www.vivonsbachy.fr\/wp-content\/uploads\/2024\/05\/9eme-marche-du-muguet-01-mai-2024-5J3A3511-1024x682.jpg\"  alt=\"\" class=\"wp-image-6306\" srcset=\"https:\/\/www.vivonsbachy.fr\/wp-content\/uploads\/2024\/05\/9eme-marche-du-muguet-01-mai-2024-5J3A3511-1024x682.jpg 1024w, https:\/\/www.vivonsbachy.fr\/wp-content\/uploads\/2024\/05\/9eme-marche-du-muguet-01-mai-2024-5J3A3511-300x200.jpg 300w, https:\/\/www.vivonsbachy.fr\/wp-content\/uploads\/2024\/05\/9eme-marche-du-muguet-01-mai-2024-5J3A3511-768x512.jpg 768w, https:\/\/www.vivonsbachy.fr\/wp-content\/uploads\/2024\/05\/9eme-marche-du-muguet-01-mai-2024-5J3A3511-1536x1024.jpg 1536w, https:\/\/www.vivonsbachy.fr\/wp-content\/uploads\/2024\/05\/9eme-marche-du-muguet-01-mai-2024-5J3A3511.jpg 2000w\" sizes=\"(max-width: 1024px) 100vw, 1024px\" \/><\/a><\/figure>\n\n\n\n<figure class=\"wp-block-image size-large\"><a href=\"https:\/\/www.vivonsbachy.fr\/wp-content\/uploads\/2024\/05\/9eme-marche-du-muguet-01-mai-2024-5J3A3513.jpg\" class=\"gallery_colorbox\"><img loading=\"lazy\" decoding=\"async\" width=\"1024\" height=\"682\" data-id=\"6303\" src=\"https:\/\/www.vivonsbachy.fr\/wp-content\/uploads\/2024\/05\/9eme-marche-du-muguet-01-mai-2024-5J3A3513-1024x682.jpg\"  alt=\"\" class=\"wp-image-6303\" srcset=\"https:\/\/www.vivonsbachy.fr\/wp-content\/uploads\/2024\/05\/9eme-marche-du-muguet-01-mai-2024-5J3A3513-1024x682.jpg 1024w, https:\/\/www.vivonsbachy.fr\/wp-content\/uploads\/2024\/05\/9eme-marche-du-muguet-01-mai-2024-5J3A3513-300x200.jpg 300w, https:\/\/www.vivonsbachy.fr\/wp-content\/uploads\/2024\/05\/9eme-marche-du-muguet-01-mai-2024-5J3A3513-768x512.jpg 768w, https:\/\/www.vivonsbachy.fr\/wp-content\/uploads\/2024\/05\/9eme-marche-du-muguet-01-mai-2024-5J3A3513-1536x1024.jpg 1536w, https:\/\/www.vivonsbachy.fr\/wp-content\/uploads\/2024\/05\/9eme-marche-du-muguet-01-mai-2024-5J3A3513.jpg 2000w\" sizes=\"(max-width: 1024px) 100vw, 1024px\" \/><\/a><\/figure>\n\n\n\n<figure class=\"wp-block-image size-large\"><a href=\"https:\/\/www.vivonsbachy.fr\/wp-content\/uploads\/2024\/05\/9eme-marche-du-muguet-01-mai-2024-5J3A3514.jpg\" class=\"gallery_colorbox\"><img loading=\"lazy\" decoding=\"async\" width=\"1024\" height=\"682\" data-id=\"6304\" src=\"https:\/\/www.vivonsbachy.fr\/wp-content\/uploads\/2024\/05\/9eme-marche-du-muguet-01-mai-2024-5J3A3514-1024x682.jpg\"  alt=\"\" class=\"wp-image-6304\" srcset=\"https:\/\/www.vivonsbachy.fr\/wp-content\/uploads\/2024\/05\/9eme-marche-du-muguet-01-mai-2024-5J3A3514-1024x682.jpg 1024w, https:\/\/www.vivonsbachy.fr\/wp-content\/uploads\/2024\/05\/9eme-marche-du-muguet-01-mai-2024-5J3A3514-300x200.jpg 300w, https:\/\/www.vivonsbachy.fr\/wp-content\/uploads\/2024\/05\/9eme-marche-du-muguet-01-mai-2024-5J3A3514-768x512.jpg 768w, https:\/\/www.vivonsbachy.fr\/wp-content\/uploads\/2024\/05\/9eme-marche-du-muguet-01-mai-2024-5J3A3514-1536x1024.jpg 1536w, https:\/\/www.vivonsbachy.fr\/wp-content\/uploads\/2024\/05\/9eme-marche-du-muguet-01-mai-2024-5J3A3514.jpg 2000w\" sizes=\"(max-width: 1024px) 100vw, 1024px\" \/><\/a><\/figure>\n\n\n\n<figure class=\"wp-block-image size-large\"><a href=\"https:\/\/www.vivonsbachy.fr\/wp-content\/uploads\/2024\/05\/9eme-marche-du-muguet-01-mai-2024-5J3A3522.jpg\" class=\"gallery_colorbox\"><img loading=\"lazy\" decoding=\"async\" width=\"1024\" height=\"682\" data-id=\"6301\" src=\"https:\/\/www.vivonsbachy.fr\/wp-content\/uploads\/2024\/05\/9eme-marche-du-muguet-01-mai-2024-5J3A3522-1024x682.jpg\"  alt=\"\" class=\"wp-image-6301\" srcset=\"https:\/\/www.vivonsbachy.fr\/wp-content\/uploads\/2024\/05\/9eme-marche-du-muguet-01-mai-2024-5J3A3522-1024x682.jpg 1024w, https:\/\/www.vivonsbachy.fr\/wp-content\/uploads\/2024\/05\/9eme-marche-du-muguet-01-mai-2024-5J3A3522-300x200.jpg 300w, https:\/\/www.vivonsbachy.fr\/wp-content\/uploads\/2024\/05\/9eme-marche-du-muguet-01-mai-2024-5J3A3522-768x512.jpg 768w, https:\/\/www.vivonsbachy.fr\/wp-content\/uploads\/2024\/05\/9eme-marche-du-muguet-01-mai-2024-5J3A3522-1536x1024.jpg 1536w, https:\/\/www.vivonsbachy.fr\/wp-content\/uploads\/2024\/05\/9eme-marche-du-muguet-01-mai-2024-5J3A3522.jpg 2000w\" sizes=\"(max-width: 1024px) 100vw, 1024px\" \/><\/a><\/figure>\n\n\n\n<figure class=\"wp-block-image size-large\"><a href=\"https:\/\/www.vivonsbachy.fr\/wp-content\/uploads\/2024\/05\/9eme-marche-du-muguet-01-mai-2024-5J3A3523.jpg\" class=\"gallery_colorbox\"><img loading=\"lazy\" decoding=\"async\" width=\"1024\" height=\"682\" data-id=\"6300\" src=\"https:\/\/www.vivonsbachy.fr\/wp-content\/uploads\/2024\/05\/9eme-marche-du-muguet-01-mai-2024-5J3A3523-1024x682.jpg\"  alt=\"\" class=\"wp-image-6300\" srcset=\"https:\/\/www.vivonsbachy.fr\/wp-content\/uploads\/2024\/05\/9eme-marche-du-muguet-01-mai-2024-5J3A3523-1024x682.jpg 1024w, https:\/\/www.vivonsbachy.fr\/wp-content\/uploads\/2024\/05\/9eme-marche-du-muguet-01-mai-2024-5J3A3523-300x200.jpg 300w, https:\/\/www.vivonsbachy.fr\/wp-content\/uploads\/2024\/05\/9eme-marche-du-muguet-01-mai-2024-5J3A3523-768x512.jpg 768w, https:\/\/www.vivonsbachy.fr\/wp-content\/uploads\/2024\/05\/9eme-marche-du-muguet-01-mai-2024-5J3A3523-1536x1024.jpg 1536w, https:\/\/www.vivonsbachy.fr\/wp-content\/uploads\/2024\/05\/9eme-marche-du-muguet-01-mai-2024-5J3A3523.jpg 2000w\" sizes=\"(max-width: 1024px) 100vw, 1024px\" \/><\/a><\/figure>\n\n\n\n<figure class=\"wp-block-image size-large\"><a href=\"https:\/\/www.vivonsbachy.fr\/wp-content\/uploads\/2024\/05\/9eme-marche-du-muguet-01-mai-2024-5J3A3528.jpg\" class=\"gallery_colorbox\"><img loading=\"lazy\" decoding=\"async\" width=\"1024\" height=\"682\" data-id=\"6297\" src=\"https:\/\/www.vivonsbachy.fr\/wp-content\/uploads\/2024\/05\/9eme-marche-du-muguet-01-mai-2024-5J3A3528-1024x682.jpg\"  alt=\"\" class=\"wp-image-6297\" srcset=\"https:\/\/www.vivonsbachy.fr\/wp-content\/uploads\/2024\/05\/9eme-marche-du-muguet-01-mai-2024-5J3A3528-1024x682.jpg 1024w, https:\/\/www.vivonsbachy.fr\/wp-content\/uploads\/2024\/05\/9eme-marche-du-muguet-01-mai-2024-5J3A3528-300x200.jpg 300w, https:\/\/www.vivonsbachy.fr\/wp-content\/uploads\/2024\/05\/9eme-marche-du-muguet-01-mai-2024-5J3A3528-768x512.jpg 768w, https:\/\/www.vivonsbachy.fr\/wp-content\/uploads\/2024\/05\/9eme-marche-du-muguet-01-mai-2024-5J3A3528-1536x1024.jpg 1536w, https:\/\/www.vivonsbachy.fr\/wp-content\/uploads\/2024\/05\/9eme-marche-du-muguet-01-mai-2024-5J3A3528.jpg 2000w\" sizes=\"(max-width: 1024px) 100vw, 1024px\" \/><\/a><\/figure>\n\n\n\n<figure class=\"wp-block-image size-large\"><a href=\"https:\/\/www.vivonsbachy.fr\/wp-content\/uploads\/2024\/05\/9eme-marche-du-muguet-01-mai-2024-5J3A3530.jpg\" class=\"gallery_colorbox\"><img loading=\"lazy\" decoding=\"async\" width=\"1024\" height=\"681\" data-id=\"6298\" src=\"https:\/\/www.vivonsbachy.fr\/wp-content\/uploads\/2024\/05\/9eme-marche-du-muguet-01-mai-2024-5J3A3530-1024x681.jpg\"  alt=\"\" class=\"wp-image-6298\" srcset=\"https:\/\/www.vivonsbachy.fr\/wp-content\/uploads\/2024\/05\/9eme-marche-du-muguet-01-mai-2024-5J3A3530-1024x681.jpg 1024w, https:\/\/www.vivonsbachy.fr\/wp-content\/uploads\/2024\/05\/9eme-marche-du-muguet-01-mai-2024-5J3A3530-300x200.jpg 300w, https:\/\/www.vivonsbachy.fr\/wp-content\/uploads\/2024\/05\/9eme-marche-du-muguet-01-mai-2024-5J3A3530-768x511.jpg 768w, https:\/\/www.vivonsbachy.fr\/wp-content\/uploads\/2024\/05\/9eme-marche-du-muguet-01-mai-2024-5J3A3530-1536x1021.jpg 1536w, https:\/\/www.vivonsbachy.fr\/wp-content\/uploads\/2024\/05\/9eme-marche-du-muguet-01-mai-2024-5J3A3530.jpg 2000w\" sizes=\"(max-width: 1024px) 100vw, 1024px\" \/><\/a><\/figure>\n\n\n\n<figure class=\"wp-block-image size-large\"><a href=\"https:\/\/www.vivonsbachy.fr\/wp-content\/uploads\/2024\/05\/9eme-marche-du-muguet-01-mai-2024-5J3A3533.jpg\" class=\"gallery_colorbox\"><img loading=\"lazy\" decoding=\"async\" width=\"682\" height=\"1024\" data-id=\"6302\" src=\"https:\/\/www.vivonsbachy.fr\/wp-content\/uploads\/2024\/05\/9eme-marche-du-muguet-01-mai-2024-5J3A3533-682x1024.jpg\"  alt=\"\" class=\"wp-image-6302\" srcset=\"https:\/\/www.vivonsbachy.fr\/wp-content\/uploads\/2024\/05\/9eme-marche-du-muguet-01-mai-2024-5J3A3533-682x1024.jpg 682w, https:\/\/www.vivonsbachy.fr\/wp-content\/uploads\/2024\/05\/9eme-marche-du-muguet-01-mai-2024-5J3A3533-200x300.jpg 200w, https:\/\/www.vivonsbachy.fr\/wp-content\/uploads\/2024\/05\/9eme-marche-du-muguet-01-mai-2024-5J3A3533-768x1152.jpg 768w, https:\/\/www.vivonsbachy.fr\/wp-content\/uploads\/2024\/05\/9eme-marche-du-muguet-01-mai-2024-5J3A3533-1024x1536.jpg 1024w, https:\/\/www.vivonsbachy.fr\/wp-content\/uploads\/2024\/05\/9eme-marche-du-muguet-01-mai-2024-5J3A3533.jpg 1333w\" sizes=\"(max-width: 682px) 100vw, 682px\" \/><\/a><\/figure>\n<\/figure>\n","protected":false},"excerpt":{"rendered":"<p>Vivons Bachy a organis\u00e9 la 9\u00e8me marche du Muguet. Deux parcours \u00e9taient propos\u00e9s&nbsp;: 5,5 km et 10 km \u00e0 travers la P\u00e9v\u00e8le et au cours desquels il fallait trouver cinq indices (des photos) qui permettaient de reconstituer un r\u00e9bus. La &hellip; <a href=\"https:\/\/www.vivonsbachy.fr\/?page_id=6296\">Continuer la lecture <span class=\"meta-nav\">&rarr;<\/span><\/a><\/p>\n","protected":false},"author":1,"featured_media":0,"parent":6294,"menu_order":0,"comment_status":"closed","ping_status":"closed","template":"","meta":{"footnotes":""},"_links":{"self":[{"href":"https:\/\/www.vivonsbachy.fr\/index.php?rest_route=\/wp\/v2\/pages\/6296"}],"collection":[{"href":"https:\/\/www.vivonsbachy.fr\/index.php?rest_route=\/wp\/v2\/pages"}],"about":[{"href":"https:\/\/www.vivonsbachy.fr\/index.php?rest_route=\/wp\/v2\/types\/page"}],"author":[{"embeddable":true,"href":"https:\/\/www.vivonsbachy.fr\/index.php?rest_route=\/wp\/v2\/users\/1"}],"replies":[{"embeddable":true,"href":"https:\/\/www.vivonsbachy.fr\/index.php?rest_route=%2Fwp%2Fv2%2Fcomments&post=6296"}],"version-history":[{"count":1,"href":"https:\/\/www.vivonsbachy.fr\/index.php?rest_route=\/wp\/v2\/pages\/6296\/revisions"}],"predecessor-version":[{"id":6309,"href":"https:\/\/www.vivonsbachy.fr\/index.php?rest_route=\/wp\/v2\/pages\/6296\/revisions\/6309"}],"up":[{"embeddable":true,"href":"https:\/\/www.vivonsbachy.fr\/index.php?rest_route=\/wp\/v2\/pages\/6294"}],"wp:attachment":[{"href":"https:\/\/www.vivonsbachy.fr\/index.php?rest_route=%2Fwp%2Fv2%2Fmedia&parent=6296"}],"curies":[{"name":"wp","href":"https:\/\/api.w.org\/{rel}","templated":true}]}}