{"id":6246,"date":"2024-03-27T14:25:46","date_gmt":"2024-03-27T12:25:46","guid":{"rendered":"https:\/\/www.vivonsbachy.fr\/?page_id=6246"},"modified":"2024-03-27T14:28:26","modified_gmt":"2024-03-27T12:28:26","slug":"01-marche-du-muguet","status":"publish","type":"page","link":"https:\/\/www.vivonsbachy.fr\/?page_id=6246","title":{"rendered":"01-Marche du muguet"},"content":{"rendered":"\n<p>1er mai : 8\u00e8me marche du muguet sous un temps \u00e0 peu pr\u00e8s acceptable, 80 personnes y ont particip\u00e9 avec les recherches d&rsquo;indices permettant de gagner le panier garni<\/p>\n\n\n\n<figure class=\"wp-block-gallery has-nested-images columns-default is-cropped wp-block-gallery-1 is-layout-flex wp-block-gallery-is-layout-flex\">\n<figure class=\"wp-block-image size-large\"><a href=\"https:\/\/www.vivonsbachy.fr\/wp-content\/uploads\/2024\/03\/8eme-marche-du-muguet-253A2579-01-mai-2023.jpg\" class=\"gallery_colorbox\"><img loading=\"lazy\" decoding=\"async\" width=\"1024\" height=\"682\" data-id=\"6248\" src=\"https:\/\/www.vivonsbachy.fr\/wp-content\/uploads\/2024\/03\/8eme-marche-du-muguet-253A2579-01-mai-2023-1024x682.jpg\"  alt=\"\" class=\"wp-image-6248\" srcset=\"https:\/\/www.vivonsbachy.fr\/wp-content\/uploads\/2024\/03\/8eme-marche-du-muguet-253A2579-01-mai-2023-1024x682.jpg 1024w, https:\/\/www.vivonsbachy.fr\/wp-content\/uploads\/2024\/03\/8eme-marche-du-muguet-253A2579-01-mai-2023-300x200.jpg 300w, https:\/\/www.vivonsbachy.fr\/wp-content\/uploads\/2024\/03\/8eme-marche-du-muguet-253A2579-01-mai-2023-768x512.jpg 768w, https:\/\/www.vivonsbachy.fr\/wp-content\/uploads\/2024\/03\/8eme-marche-du-muguet-253A2579-01-mai-2023-1536x1024.jpg 1536w, https:\/\/www.vivonsbachy.fr\/wp-content\/uploads\/2024\/03\/8eme-marche-du-muguet-253A2579-01-mai-2023.jpg 2000w\" sizes=\"(max-width: 1024px) 100vw, 1024px\" \/><\/a><\/figure>\n\n\n\n<figure class=\"wp-block-image size-large\"><a href=\"https:\/\/www.vivonsbachy.fr\/wp-content\/uploads\/2024\/03\/8eme-marche-du-muguet-253A2581-01-mai-2023.jpg\" class=\"gallery_colorbox\"><img loading=\"lazy\" decoding=\"async\" width=\"1024\" height=\"682\" data-id=\"6260\" src=\"https:\/\/www.vivonsbachy.fr\/wp-content\/uploads\/2024\/03\/8eme-marche-du-muguet-253A2581-01-mai-2023-1024x682.jpg\"  alt=\"\" class=\"wp-image-6260\" srcset=\"https:\/\/www.vivonsbachy.fr\/wp-content\/uploads\/2024\/03\/8eme-marche-du-muguet-253A2581-01-mai-2023-1024x682.jpg 1024w, https:\/\/www.vivonsbachy.fr\/wp-content\/uploads\/2024\/03\/8eme-marche-du-muguet-253A2581-01-mai-2023-300x200.jpg 300w, https:\/\/www.vivonsbachy.fr\/wp-content\/uploads\/2024\/03\/8eme-marche-du-muguet-253A2581-01-mai-2023-768x512.jpg 768w, https:\/\/www.vivonsbachy.fr\/wp-content\/uploads\/2024\/03\/8eme-marche-du-muguet-253A2581-01-mai-2023-1536x1024.jpg 1536w, https:\/\/www.vivonsbachy.fr\/wp-content\/uploads\/2024\/03\/8eme-marche-du-muguet-253A2581-01-mai-2023.jpg 2000w\" sizes=\"(max-width: 1024px) 100vw, 1024px\" \/><\/a><\/figure>\n\n\n\n<figure class=\"wp-block-image size-large\"><a href=\"https:\/\/www.vivonsbachy.fr\/wp-content\/uploads\/2024\/03\/8eme-marche-du-muguet-253A2583-01-mai-2023.jpg\" class=\"gallery_colorbox\"><img loading=\"lazy\" decoding=\"async\" width=\"1024\" height=\"682\" data-id=\"6259\" src=\"https:\/\/www.vivonsbachy.fr\/wp-content\/uploads\/2024\/03\/8eme-marche-du-muguet-253A2583-01-mai-2023-1024x682.jpg\"  alt=\"\" class=\"wp-image-6259\" srcset=\"https:\/\/www.vivonsbachy.fr\/wp-content\/uploads\/2024\/03\/8eme-marche-du-muguet-253A2583-01-mai-2023-1024x682.jpg 1024w, https:\/\/www.vivonsbachy.fr\/wp-content\/uploads\/2024\/03\/8eme-marche-du-muguet-253A2583-01-mai-2023-300x200.jpg 300w, https:\/\/www.vivonsbachy.fr\/wp-content\/uploads\/2024\/03\/8eme-marche-du-muguet-253A2583-01-mai-2023-768x512.jpg 768w, https:\/\/www.vivonsbachy.fr\/wp-content\/uploads\/2024\/03\/8eme-marche-du-muguet-253A2583-01-mai-2023-1536x1024.jpg 1536w, https:\/\/www.vivonsbachy.fr\/wp-content\/uploads\/2024\/03\/8eme-marche-du-muguet-253A2583-01-mai-2023.jpg 2000w\" sizes=\"(max-width: 1024px) 100vw, 1024px\" \/><\/a><\/figure>\n\n\n\n<figure class=\"wp-block-image size-large\"><a href=\"https:\/\/www.vivonsbachy.fr\/wp-content\/uploads\/2024\/03\/8eme-marche-du-muguet-253A2584-01-mai-2023.jpg\" class=\"gallery_colorbox\"><img loading=\"lazy\" decoding=\"async\" width=\"1024\" height=\"682\" data-id=\"6262\" src=\"https:\/\/www.vivonsbachy.fr\/wp-content\/uploads\/2024\/03\/8eme-marche-du-muguet-253A2584-01-mai-2023-1024x682.jpg\"  alt=\"\" class=\"wp-image-6262\" srcset=\"https:\/\/www.vivonsbachy.fr\/wp-content\/uploads\/2024\/03\/8eme-marche-du-muguet-253A2584-01-mai-2023-1024x682.jpg 1024w, https:\/\/www.vivonsbachy.fr\/wp-content\/uploads\/2024\/03\/8eme-marche-du-muguet-253A2584-01-mai-2023-300x200.jpg 300w, https:\/\/www.vivonsbachy.fr\/wp-content\/uploads\/2024\/03\/8eme-marche-du-muguet-253A2584-01-mai-2023-768x512.jpg 768w, https:\/\/www.vivonsbachy.fr\/wp-content\/uploads\/2024\/03\/8eme-marche-du-muguet-253A2584-01-mai-2023-1536x1024.jpg 1536w, https:\/\/www.vivonsbachy.fr\/wp-content\/uploads\/2024\/03\/8eme-marche-du-muguet-253A2584-01-mai-2023.jpg 2000w\" sizes=\"(max-width: 1024px) 100vw, 1024px\" \/><\/a><\/figure>\n\n\n\n<figure class=\"wp-block-image size-large\"><a href=\"https:\/\/www.vivonsbachy.fr\/wp-content\/uploads\/2024\/03\/8eme-marche-du-muguet-253A2586-01-mai-2023.jpg\" class=\"gallery_colorbox\"><img loading=\"lazy\" decoding=\"async\" width=\"1024\" height=\"682\" data-id=\"6263\" src=\"https:\/\/www.vivonsbachy.fr\/wp-content\/uploads\/2024\/03\/8eme-marche-du-muguet-253A2586-01-mai-2023-1024x682.jpg\"  alt=\"\" class=\"wp-image-6263\" srcset=\"https:\/\/www.vivonsbachy.fr\/wp-content\/uploads\/2024\/03\/8eme-marche-du-muguet-253A2586-01-mai-2023-1024x682.jpg 1024w, https:\/\/www.vivonsbachy.fr\/wp-content\/uploads\/2024\/03\/8eme-marche-du-muguet-253A2586-01-mai-2023-300x200.jpg 300w, https:\/\/www.vivonsbachy.fr\/wp-content\/uploads\/2024\/03\/8eme-marche-du-muguet-253A2586-01-mai-2023-768x512.jpg 768w, https:\/\/www.vivonsbachy.fr\/wp-content\/uploads\/2024\/03\/8eme-marche-du-muguet-253A2586-01-mai-2023-1536x1024.jpg 1536w, https:\/\/www.vivonsbachy.fr\/wp-content\/uploads\/2024\/03\/8eme-marche-du-muguet-253A2586-01-mai-2023.jpg 2000w\" sizes=\"(max-width: 1024px) 100vw, 1024px\" \/><\/a><\/figure>\n\n\n\n<figure class=\"wp-block-image size-large\"><a href=\"https:\/\/www.vivonsbachy.fr\/wp-content\/uploads\/2024\/03\/8eme-marche-du-muguet-253A2587-01-mai-2023.jpg\" class=\"gallery_colorbox\"><img loading=\"lazy\" decoding=\"async\" width=\"1024\" height=\"682\" data-id=\"6258\" src=\"https:\/\/www.vivonsbachy.fr\/wp-content\/uploads\/2024\/03\/8eme-marche-du-muguet-253A2587-01-mai-2023-1024x682.jpg\"  alt=\"\" class=\"wp-image-6258\" srcset=\"https:\/\/www.vivonsbachy.fr\/wp-content\/uploads\/2024\/03\/8eme-marche-du-muguet-253A2587-01-mai-2023-1024x682.jpg 1024w, https:\/\/www.vivonsbachy.fr\/wp-content\/uploads\/2024\/03\/8eme-marche-du-muguet-253A2587-01-mai-2023-300x200.jpg 300w, https:\/\/www.vivonsbachy.fr\/wp-content\/uploads\/2024\/03\/8eme-marche-du-muguet-253A2587-01-mai-2023-768x512.jpg 768w, https:\/\/www.vivonsbachy.fr\/wp-content\/uploads\/2024\/03\/8eme-marche-du-muguet-253A2587-01-mai-2023-1536x1024.jpg 1536w, https:\/\/www.vivonsbachy.fr\/wp-content\/uploads\/2024\/03\/8eme-marche-du-muguet-253A2587-01-mai-2023.jpg 2000w\" sizes=\"(max-width: 1024px) 100vw, 1024px\" \/><\/a><\/figure>\n\n\n\n<figure class=\"wp-block-image size-large\"><a href=\"https:\/\/www.vivonsbachy.fr\/wp-content\/uploads\/2024\/03\/8eme-marche-du-muguet-253A2590-01-mai-2023.jpg\" class=\"gallery_colorbox\"><img loading=\"lazy\" decoding=\"async\" width=\"1024\" height=\"682\" data-id=\"6255\" src=\"https:\/\/www.vivonsbachy.fr\/wp-content\/uploads\/2024\/03\/8eme-marche-du-muguet-253A2590-01-mai-2023-1024x682.jpg\"  alt=\"\" class=\"wp-image-6255\" srcset=\"https:\/\/www.vivonsbachy.fr\/wp-content\/uploads\/2024\/03\/8eme-marche-du-muguet-253A2590-01-mai-2023-1024x682.jpg 1024w, https:\/\/www.vivonsbachy.fr\/wp-content\/uploads\/2024\/03\/8eme-marche-du-muguet-253A2590-01-mai-2023-300x200.jpg 300w, https:\/\/www.vivonsbachy.fr\/wp-content\/uploads\/2024\/03\/8eme-marche-du-muguet-253A2590-01-mai-2023-768x512.jpg 768w, https:\/\/www.vivonsbachy.fr\/wp-content\/uploads\/2024\/03\/8eme-marche-du-muguet-253A2590-01-mai-2023-1536x1024.jpg 1536w, https:\/\/www.vivonsbachy.fr\/wp-content\/uploads\/2024\/03\/8eme-marche-du-muguet-253A2590-01-mai-2023.jpg 2000w\" sizes=\"(max-width: 1024px) 100vw, 1024px\" \/><\/a><\/figure>\n\n\n\n<figure class=\"wp-block-image size-large\"><a href=\"https:\/\/www.vivonsbachy.fr\/wp-content\/uploads\/2024\/03\/8eme-marche-du-muguet-253A2591-01-mai-2023.jpg\" class=\"gallery_colorbox\"><img loading=\"lazy\" decoding=\"async\" width=\"1024\" height=\"682\" data-id=\"6253\" src=\"https:\/\/www.vivonsbachy.fr\/wp-content\/uploads\/2024\/03\/8eme-marche-du-muguet-253A2591-01-mai-2023-1024x682.jpg\"  alt=\"\" class=\"wp-image-6253\" srcset=\"https:\/\/www.vivonsbachy.fr\/wp-content\/uploads\/2024\/03\/8eme-marche-du-muguet-253A2591-01-mai-2023-1024x682.jpg 1024w, https:\/\/www.vivonsbachy.fr\/wp-content\/uploads\/2024\/03\/8eme-marche-du-muguet-253A2591-01-mai-2023-300x200.jpg 300w, https:\/\/www.vivonsbachy.fr\/wp-content\/uploads\/2024\/03\/8eme-marche-du-muguet-253A2591-01-mai-2023-768x512.jpg 768w, https:\/\/www.vivonsbachy.fr\/wp-content\/uploads\/2024\/03\/8eme-marche-du-muguet-253A2591-01-mai-2023-1536x1024.jpg 1536w, https:\/\/www.vivonsbachy.fr\/wp-content\/uploads\/2024\/03\/8eme-marche-du-muguet-253A2591-01-mai-2023.jpg 2000w\" sizes=\"(max-width: 1024px) 100vw, 1024px\" \/><\/a><\/figure>\n\n\n\n<figure class=\"wp-block-image size-large\"><a href=\"https:\/\/www.vivonsbachy.fr\/wp-content\/uploads\/2024\/03\/8eme-marche-du-muguet-253A2592-01-mai-2023.jpg\" class=\"gallery_colorbox\"><img loading=\"lazy\" decoding=\"async\" width=\"1024\" height=\"682\" data-id=\"6257\" src=\"https:\/\/www.vivonsbachy.fr\/wp-content\/uploads\/2024\/03\/8eme-marche-du-muguet-253A2592-01-mai-2023-1024x682.jpg\"  alt=\"\" class=\"wp-image-6257\" srcset=\"https:\/\/www.vivonsbachy.fr\/wp-content\/uploads\/2024\/03\/8eme-marche-du-muguet-253A2592-01-mai-2023-1024x682.jpg 1024w, https:\/\/www.vivonsbachy.fr\/wp-content\/uploads\/2024\/03\/8eme-marche-du-muguet-253A2592-01-mai-2023-300x200.jpg 300w, https:\/\/www.vivonsbachy.fr\/wp-content\/uploads\/2024\/03\/8eme-marche-du-muguet-253A2592-01-mai-2023-768x512.jpg 768w, https:\/\/www.vivonsbachy.fr\/wp-content\/uploads\/2024\/03\/8eme-marche-du-muguet-253A2592-01-mai-2023-1536x1024.jpg 1536w, https:\/\/www.vivonsbachy.fr\/wp-content\/uploads\/2024\/03\/8eme-marche-du-muguet-253A2592-01-mai-2023.jpg 2000w\" sizes=\"(max-width: 1024px) 100vw, 1024px\" \/><\/a><\/figure>\n\n\n\n<figure class=\"wp-block-image size-large\"><a href=\"https:\/\/www.vivonsbachy.fr\/wp-content\/uploads\/2024\/03\/8eme-marche-du-muguet-253A2594-01-mai-2023.jpg\" class=\"gallery_colorbox\"><img loading=\"lazy\" decoding=\"async\" width=\"1024\" height=\"682\" data-id=\"6261\" src=\"https:\/\/www.vivonsbachy.fr\/wp-content\/uploads\/2024\/03\/8eme-marche-du-muguet-253A2594-01-mai-2023-1024x682.jpg\"  alt=\"\" class=\"wp-image-6261\" srcset=\"https:\/\/www.vivonsbachy.fr\/wp-content\/uploads\/2024\/03\/8eme-marche-du-muguet-253A2594-01-mai-2023-1024x682.jpg 1024w, https:\/\/www.vivonsbachy.fr\/wp-content\/uploads\/2024\/03\/8eme-marche-du-muguet-253A2594-01-mai-2023-300x200.jpg 300w, https:\/\/www.vivonsbachy.fr\/wp-content\/uploads\/2024\/03\/8eme-marche-du-muguet-253A2594-01-mai-2023-768x512.jpg 768w, https:\/\/www.vivonsbachy.fr\/wp-content\/uploads\/2024\/03\/8eme-marche-du-muguet-253A2594-01-mai-2023-1536x1024.jpg 1536w, https:\/\/www.vivonsbachy.fr\/wp-content\/uploads\/2024\/03\/8eme-marche-du-muguet-253A2594-01-mai-2023.jpg 2000w\" sizes=\"(max-width: 1024px) 100vw, 1024px\" \/><\/a><\/figure>\n\n\n\n<figure class=\"wp-block-image size-large\"><a href=\"https:\/\/www.vivonsbachy.fr\/wp-content\/uploads\/2024\/03\/8eme-marche-du-muguet-253A2599-01-mai-2023.jpg\" class=\"gallery_colorbox\"><img loading=\"lazy\" decoding=\"async\" width=\"1024\" height=\"682\" data-id=\"6256\" src=\"https:\/\/www.vivonsbachy.fr\/wp-content\/uploads\/2024\/03\/8eme-marche-du-muguet-253A2599-01-mai-2023-1024x682.jpg\"  alt=\"\" class=\"wp-image-6256\" srcset=\"https:\/\/www.vivonsbachy.fr\/wp-content\/uploads\/2024\/03\/8eme-marche-du-muguet-253A2599-01-mai-2023-1024x682.jpg 1024w, https:\/\/www.vivonsbachy.fr\/wp-content\/uploads\/2024\/03\/8eme-marche-du-muguet-253A2599-01-mai-2023-300x200.jpg 300w, https:\/\/www.vivonsbachy.fr\/wp-content\/uploads\/2024\/03\/8eme-marche-du-muguet-253A2599-01-mai-2023-768x512.jpg 768w, https:\/\/www.vivonsbachy.fr\/wp-content\/uploads\/2024\/03\/8eme-marche-du-muguet-253A2599-01-mai-2023-1536x1024.jpg 1536w, https:\/\/www.vivonsbachy.fr\/wp-content\/uploads\/2024\/03\/8eme-marche-du-muguet-253A2599-01-mai-2023.jpg 2000w\" sizes=\"(max-width: 1024px) 100vw, 1024px\" \/><\/a><\/figure>\n\n\n\n<figure class=\"wp-block-image size-large\"><a href=\"https:\/\/www.vivonsbachy.fr\/wp-content\/uploads\/2024\/03\/8eme-marche-du-muguet-253A2610-01-mai-2023.jpg\" class=\"gallery_colorbox\"><img loading=\"lazy\" decoding=\"async\" width=\"1024\" height=\"682\" data-id=\"6249\" src=\"https:\/\/www.vivonsbachy.fr\/wp-content\/uploads\/2024\/03\/8eme-marche-du-muguet-253A2610-01-mai-2023-1024x682.jpg\"  alt=\"\" class=\"wp-image-6249\" srcset=\"https:\/\/www.vivonsbachy.fr\/wp-content\/uploads\/2024\/03\/8eme-marche-du-muguet-253A2610-01-mai-2023-1024x682.jpg 1024w, https:\/\/www.vivonsbachy.fr\/wp-content\/uploads\/2024\/03\/8eme-marche-du-muguet-253A2610-01-mai-2023-300x200.jpg 300w, https:\/\/www.vivonsbachy.fr\/wp-content\/uploads\/2024\/03\/8eme-marche-du-muguet-253A2610-01-mai-2023-768x512.jpg 768w, https:\/\/www.vivonsbachy.fr\/wp-content\/uploads\/2024\/03\/8eme-marche-du-muguet-253A2610-01-mai-2023-1536x1024.jpg 1536w, https:\/\/www.vivonsbachy.fr\/wp-content\/uploads\/2024\/03\/8eme-marche-du-muguet-253A2610-01-mai-2023.jpg 2000w\" sizes=\"(max-width: 1024px) 100vw, 1024px\" \/><\/a><\/figure>\n\n\n\n<figure class=\"wp-block-image size-large\"><a href=\"https:\/\/www.vivonsbachy.fr\/wp-content\/uploads\/2024\/03\/8eme-marche-du-muguet-253A2613-01-mai-2023.jpg\" class=\"gallery_colorbox\"><img loading=\"lazy\" decoding=\"async\" width=\"1024\" height=\"682\" data-id=\"6252\" src=\"https:\/\/www.vivonsbachy.fr\/wp-content\/uploads\/2024\/03\/8eme-marche-du-muguet-253A2613-01-mai-2023-1024x682.jpg\"  alt=\"\" class=\"wp-image-6252\" srcset=\"https:\/\/www.vivonsbachy.fr\/wp-content\/uploads\/2024\/03\/8eme-marche-du-muguet-253A2613-01-mai-2023-1024x682.jpg 1024w, https:\/\/www.vivonsbachy.fr\/wp-content\/uploads\/2024\/03\/8eme-marche-du-muguet-253A2613-01-mai-2023-300x200.jpg 300w, https:\/\/www.vivonsbachy.fr\/wp-content\/uploads\/2024\/03\/8eme-marche-du-muguet-253A2613-01-mai-2023-768x512.jpg 768w, https:\/\/www.vivonsbachy.fr\/wp-content\/uploads\/2024\/03\/8eme-marche-du-muguet-253A2613-01-mai-2023-1536x1024.jpg 1536w, https:\/\/www.vivonsbachy.fr\/wp-content\/uploads\/2024\/03\/8eme-marche-du-muguet-253A2613-01-mai-2023.jpg 2000w\" sizes=\"(max-width: 1024px) 100vw, 1024px\" \/><\/a><\/figure>\n\n\n\n<figure class=\"wp-block-image size-large\"><a href=\"https:\/\/www.vivonsbachy.fr\/wp-content\/uploads\/2024\/03\/8eme-marche-du-muguet-253A2618-01-mai-2023.jpg\" class=\"gallery_colorbox\"><img loading=\"lazy\" decoding=\"async\" width=\"1024\" height=\"682\" data-id=\"6254\" src=\"https:\/\/www.vivonsbachy.fr\/wp-content\/uploads\/2024\/03\/8eme-marche-du-muguet-253A2618-01-mai-2023-1024x682.jpg\"  alt=\"\" class=\"wp-image-6254\" srcset=\"https:\/\/www.vivonsbachy.fr\/wp-content\/uploads\/2024\/03\/8eme-marche-du-muguet-253A2618-01-mai-2023-1024x682.jpg 1024w, https:\/\/www.vivonsbachy.fr\/wp-content\/uploads\/2024\/03\/8eme-marche-du-muguet-253A2618-01-mai-2023-300x200.jpg 300w, https:\/\/www.vivonsbachy.fr\/wp-content\/uploads\/2024\/03\/8eme-marche-du-muguet-253A2618-01-mai-2023-768x512.jpg 768w, https:\/\/www.vivonsbachy.fr\/wp-content\/uploads\/2024\/03\/8eme-marche-du-muguet-253A2618-01-mai-2023-1536x1024.jpg 1536w, https:\/\/www.vivonsbachy.fr\/wp-content\/uploads\/2024\/03\/8eme-marche-du-muguet-253A2618-01-mai-2023.jpg 2000w\" sizes=\"(max-width: 1024px) 100vw, 1024px\" \/><\/a><\/figure>\n\n\n\n<figure class=\"wp-block-image size-large\"><a href=\"https:\/\/www.vivonsbachy.fr\/wp-content\/uploads\/2024\/03\/8eme-marche-du-muguet-253A2623-01-mai-2023.jpg\" class=\"gallery_colorbox\"><img loading=\"lazy\" decoding=\"async\" width=\"1024\" height=\"682\" data-id=\"6251\" src=\"https:\/\/www.vivonsbachy.fr\/wp-content\/uploads\/2024\/03\/8eme-marche-du-muguet-253A2623-01-mai-2023-1024x682.jpg\"  alt=\"\" class=\"wp-image-6251\" srcset=\"https:\/\/www.vivonsbachy.fr\/wp-content\/uploads\/2024\/03\/8eme-marche-du-muguet-253A2623-01-mai-2023-1024x682.jpg 1024w, https:\/\/www.vivonsbachy.fr\/wp-content\/uploads\/2024\/03\/8eme-marche-du-muguet-253A2623-01-mai-2023-300x200.jpg 300w, https:\/\/www.vivonsbachy.fr\/wp-content\/uploads\/2024\/03\/8eme-marche-du-muguet-253A2623-01-mai-2023-768x512.jpg 768w, https:\/\/www.vivonsbachy.fr\/wp-content\/uploads\/2024\/03\/8eme-marche-du-muguet-253A2623-01-mai-2023-1536x1024.jpg 1536w, https:\/\/www.vivonsbachy.fr\/wp-content\/uploads\/2024\/03\/8eme-marche-du-muguet-253A2623-01-mai-2023.jpg 2000w\" sizes=\"(max-width: 1024px) 100vw, 1024px\" \/><\/a><\/figure>\n\n\n\n<figure class=\"wp-block-image size-large\"><a href=\"https:\/\/www.vivonsbachy.fr\/wp-content\/uploads\/2024\/03\/8eme-marche-du-muguet-253A2630-01-mai-2023.jpg\" class=\"gallery_colorbox\"><img loading=\"lazy\" decoding=\"async\" width=\"1024\" height=\"682\" data-id=\"6250\" src=\"https:\/\/www.vivonsbachy.fr\/wp-content\/uploads\/2024\/03\/8eme-marche-du-muguet-253A2630-01-mai-2023-1024x682.jpg\"  alt=\"\" class=\"wp-image-6250\" srcset=\"https:\/\/www.vivonsbachy.fr\/wp-content\/uploads\/2024\/03\/8eme-marche-du-muguet-253A2630-01-mai-2023-1024x682.jpg 1024w, https:\/\/www.vivonsbachy.fr\/wp-content\/uploads\/2024\/03\/8eme-marche-du-muguet-253A2630-01-mai-2023-300x200.jpg 300w, https:\/\/www.vivonsbachy.fr\/wp-content\/uploads\/2024\/03\/8eme-marche-du-muguet-253A2630-01-mai-2023-768x512.jpg 768w, https:\/\/www.vivonsbachy.fr\/wp-content\/uploads\/2024\/03\/8eme-marche-du-muguet-253A2630-01-mai-2023-1536x1024.jpg 1536w, https:\/\/www.vivonsbachy.fr\/wp-content\/uploads\/2024\/03\/8eme-marche-du-muguet-253A2630-01-mai-2023.jpg 2000w\" sizes=\"(max-width: 1024px) 100vw, 1024px\" \/><\/a><\/figure>\n\n\n\n<figure class=\"wp-block-image size-large\"><a href=\"https:\/\/www.vivonsbachy.fr\/wp-content\/uploads\/2024\/03\/IMG_3344.jpg\" class=\"gallery_colorbox\"><img loading=\"lazy\" decoding=\"async\" width=\"1024\" height=\"768\" data-id=\"6247\" src=\"https:\/\/www.vivonsbachy.fr\/wp-content\/uploads\/2024\/03\/IMG_3344-1024x768.jpg\"  alt=\"\" class=\"wp-image-6247\" srcset=\"https:\/\/www.vivonsbachy.fr\/wp-content\/uploads\/2024\/03\/IMG_3344-1024x768.jpg 1024w, https:\/\/www.vivonsbachy.fr\/wp-content\/uploads\/2024\/03\/IMG_3344-300x225.jpg 300w, https:\/\/www.vivonsbachy.fr\/wp-content\/uploads\/2024\/03\/IMG_3344-768x576.jpg 768w, https:\/\/www.vivonsbachy.fr\/wp-content\/uploads\/2024\/03\/IMG_3344-1536x1152.jpg 1536w, https:\/\/www.vivonsbachy.fr\/wp-content\/uploads\/2024\/03\/IMG_3344.jpg 2016w\" sizes=\"(max-width: 1024px) 100vw, 1024px\" \/><\/a><\/figure>\n<\/figure>\n","protected":false},"excerpt":{"rendered":"<p>1er mai : 8\u00e8me marche du muguet sous un temps \u00e0 peu pr\u00e8s acceptable, 80 personnes y ont particip\u00e9 avec les recherches d&rsquo;indices permettant de gagner le panier garni<\/p>\n","protected":false},"author":1,"featured_media":0,"parent":6244,"menu_order":0,"comment_status":"closed","ping_status":"closed","template":"","meta":{"footnotes":""},"_links":{"self":[{"href":"https:\/\/www.vivonsbachy.fr\/index.php?rest_route=\/wp\/v2\/pages\/6246"}],"collection":[{"href":"https:\/\/www.vivonsbachy.fr\/index.php?rest_route=\/wp\/v2\/pages"}],"about":[{"href":"https:\/\/www.vivonsbachy.fr\/index.php?rest_route=\/wp\/v2\/types\/page"}],"author":[{"embeddable":true,"href":"https:\/\/www.vivonsbachy.fr\/index.php?rest_route=\/wp\/v2\/users\/1"}],"replies":[{"embeddable":true,"href":"https:\/\/www.vivonsbachy.fr\/index.php?rest_route=%2Fwp%2Fv2%2Fcomments&post=6246"}],"version-history":[{"count":2,"href":"https:\/\/www.vivonsbachy.fr\/index.php?rest_route=\/wp\/v2\/pages\/6246\/revisions"}],"predecessor-version":[{"id":6265,"href":"https:\/\/www.vivonsbachy.fr\/index.php?rest_route=\/wp\/v2\/pages\/6246\/revisions\/6265"}],"up":[{"embeddable":true,"href":"https:\/\/www.vivonsbachy.fr\/index.php?rest_route=\/wp\/v2\/pages\/6244"}],"wp:attachment":[{"href":"https:\/\/www.vivonsbachy.fr\/index.php?rest_route=%2Fwp%2Fv2%2Fmedia&parent=6246"}],"curies":[{"name":"wp","href":"https:\/\/api.w.org\/{rel}","templated":true}]}}