{"id":6082,"date":"2019-04-30T14:21:58","date_gmt":"2019-04-30T12:21:58","guid":{"rendered":"https:\/\/www.vivonsbachy.fr\/?page_id=6082"},"modified":"2019-05-02T11:42:04","modified_gmt":"2019-05-02T09:42:04","slug":"2-marche-du-muguet-1er-mai-2019","status":"publish","type":"page","link":"https:\/\/www.vivonsbachy.fr\/?page_id=6082","title":{"rendered":"2 &#8211; Marche du muguet 1er mai 2019"},"content":{"rendered":"\n<p>Avec le tr\u00e8s beau temps qu&rsquo;il a fait ce 1er mai, c&rsquo;est une r\u00e9ussite totale pour cette 6 \u00e8me marche du muguet. 5 \u00e9nigmes \u00e9taient \u00e0 d\u00e9couvrir sur les 2 parcours propos\u00e9s (6 &amp; 10 km) pour trouver une phrase menant \u00e0 la chapelle o\u00f9  le tr\u00e9sor \u00e9tait cach\u00e9. Un tirage au sort, parmi les bonnes r\u00e9ponses a permis \u00e0 Madame Linda KRUBA de remporter le panier garni de produits r\u00e9gionaux. Environ 90 personnes ont particip\u00e9 \u00e0 cette marche du muguet<\/p>\n\n\n\n<ul class=\"wp-block-gallery columns-3 is-cropped wp-block-gallery-1 is-layout-flex wp-block-gallery-is-layout-flex\"><li class=\"blocks-gallery-item\"><figure><a href=\"https:\/\/www.vivonsbachy.fr\/wp-content\/uploads\/2019\/05\/6e\u0300me-marche-du-muguet-253A7454-01-mai-2019-1024x683.jpg\" class=\"gallery_colorbox\"><img loading=\"lazy\" decoding=\"async\" width=\"1024\" height=\"683\" src=\"https:\/\/www.vivonsbachy.fr\/wp-content\/uploads\/2019\/05\/6e\u0300me-marche-du-muguet-253A7454-01-mai-2019-1024x683.jpg\"  alt=\"\" data-id=\"6085\" data-link=\"https:\/\/www.vivonsbachy.fr\/?attachment_id=6085\" class=\"wp-image-6085\" srcset=\"https:\/\/www.vivonsbachy.fr\/wp-content\/uploads\/2019\/05\/6e\u0300me-marche-du-muguet-253A7454-01-mai-2019-1024x683.jpg 1024w, https:\/\/www.vivonsbachy.fr\/wp-content\/uploads\/2019\/05\/6e\u0300me-marche-du-muguet-253A7454-01-mai-2019-300x200.jpg 300w, https:\/\/www.vivonsbachy.fr\/wp-content\/uploads\/2019\/05\/6e\u0300me-marche-du-muguet-253A7454-01-mai-2019-768x512.jpg 768w\" sizes=\"(max-width: 1024px) 100vw, 1024px\" \/><\/a><\/figure><\/li><li class=\"blocks-gallery-item\"><figure><a href=\"https:\/\/www.vivonsbachy.fr\/wp-content\/uploads\/2019\/05\/6e\u0300me-marche-du-muguet-253A7456-01-mai-2019-1024x683.jpg\" class=\"gallery_colorbox\"><img loading=\"lazy\" decoding=\"async\" width=\"1024\" height=\"683\" src=\"https:\/\/www.vivonsbachy.fr\/wp-content\/uploads\/2019\/05\/6e\u0300me-marche-du-muguet-253A7456-01-mai-2019-1024x683.jpg\"  alt=\"\" data-id=\"6086\" data-link=\"https:\/\/www.vivonsbachy.fr\/?attachment_id=6086\" class=\"wp-image-6086\" srcset=\"https:\/\/www.vivonsbachy.fr\/wp-content\/uploads\/2019\/05\/6e\u0300me-marche-du-muguet-253A7456-01-mai-2019-1024x683.jpg 1024w, https:\/\/www.vivonsbachy.fr\/wp-content\/uploads\/2019\/05\/6e\u0300me-marche-du-muguet-253A7456-01-mai-2019-300x200.jpg 300w, https:\/\/www.vivonsbachy.fr\/wp-content\/uploads\/2019\/05\/6e\u0300me-marche-du-muguet-253A7456-01-mai-2019-768x512.jpg 768w\" sizes=\"(max-width: 1024px) 100vw, 1024px\" \/><\/a><\/figure><\/li><li class=\"blocks-gallery-item\"><figure><a href=\"https:\/\/www.vivonsbachy.fr\/wp-content\/uploads\/2019\/05\/6e\u0300me-marche-du-muguet-253A7457-01-mai-2019-1024x683.jpg\" class=\"gallery_colorbox\"><img loading=\"lazy\" decoding=\"async\" width=\"1024\" height=\"683\" src=\"https:\/\/www.vivonsbachy.fr\/wp-content\/uploads\/2019\/05\/6e\u0300me-marche-du-muguet-253A7457-01-mai-2019-1024x683.jpg\"  alt=\"\" data-id=\"6087\" data-link=\"https:\/\/www.vivonsbachy.fr\/?attachment_id=6087\" class=\"wp-image-6087\" srcset=\"https:\/\/www.vivonsbachy.fr\/wp-content\/uploads\/2019\/05\/6e\u0300me-marche-du-muguet-253A7457-01-mai-2019-1024x683.jpg 1024w, https:\/\/www.vivonsbachy.fr\/wp-content\/uploads\/2019\/05\/6e\u0300me-marche-du-muguet-253A7457-01-mai-2019-300x200.jpg 300w, https:\/\/www.vivonsbachy.fr\/wp-content\/uploads\/2019\/05\/6e\u0300me-marche-du-muguet-253A7457-01-mai-2019-768x512.jpg 768w\" sizes=\"(max-width: 1024px) 100vw, 1024px\" \/><\/a><\/figure><\/li><li class=\"blocks-gallery-item\"><figure><a href=\"https:\/\/www.vivonsbachy.fr\/wp-content\/uploads\/2019\/05\/6e\u0300me-marche-du-muguet-253A7460-01-mai-2019-1024x1024.jpg\" class=\"gallery_colorbox\"><img loading=\"lazy\" decoding=\"async\" width=\"1024\" height=\"1024\" src=\"https:\/\/www.vivonsbachy.fr\/wp-content\/uploads\/2019\/05\/6e\u0300me-marche-du-muguet-253A7460-01-mai-2019-1024x1024.jpg\"  alt=\"\" data-id=\"6088\" data-link=\"https:\/\/www.vivonsbachy.fr\/?attachment_id=6088\" class=\"wp-image-6088\" srcset=\"https:\/\/www.vivonsbachy.fr\/wp-content\/uploads\/2019\/05\/6e\u0300me-marche-du-muguet-253A7460-01-mai-2019-1024x1024.jpg 1024w, https:\/\/www.vivonsbachy.fr\/wp-content\/uploads\/2019\/05\/6e\u0300me-marche-du-muguet-253A7460-01-mai-2019-150x150.jpg 150w, https:\/\/www.vivonsbachy.fr\/wp-content\/uploads\/2019\/05\/6e\u0300me-marche-du-muguet-253A7460-01-mai-2019-300x300.jpg 300w, https:\/\/www.vivonsbachy.fr\/wp-content\/uploads\/2019\/05\/6e\u0300me-marche-du-muguet-253A7460-01-mai-2019-768x768.jpg 768w, https:\/\/www.vivonsbachy.fr\/wp-content\/uploads\/2019\/05\/6e\u0300me-marche-du-muguet-253A7460-01-mai-2019.jpg 1800w\" sizes=\"(max-width: 1024px) 100vw, 1024px\" \/><\/a><\/figure><\/li><li class=\"blocks-gallery-item\"><figure><a href=\"https:\/\/www.vivonsbachy.fr\/wp-content\/uploads\/2019\/05\/6e\u0300me-marche-du-muguet-253A7463-01-mai-2019-1024x683.jpg\" class=\"gallery_colorbox\"><img loading=\"lazy\" decoding=\"async\" width=\"1024\" height=\"683\" src=\"https:\/\/www.vivonsbachy.fr\/wp-content\/uploads\/2019\/05\/6e\u0300me-marche-du-muguet-253A7463-01-mai-2019-1024x683.jpg\"  alt=\"\" data-id=\"6089\" data-link=\"https:\/\/www.vivonsbachy.fr\/?attachment_id=6089\" class=\"wp-image-6089\" srcset=\"https:\/\/www.vivonsbachy.fr\/wp-content\/uploads\/2019\/05\/6e\u0300me-marche-du-muguet-253A7463-01-mai-2019-1024x683.jpg 1024w, https:\/\/www.vivonsbachy.fr\/wp-content\/uploads\/2019\/05\/6e\u0300me-marche-du-muguet-253A7463-01-mai-2019-300x200.jpg 300w, https:\/\/www.vivonsbachy.fr\/wp-content\/uploads\/2019\/05\/6e\u0300me-marche-du-muguet-253A7463-01-mai-2019-768x512.jpg 768w\" sizes=\"(max-width: 1024px) 100vw, 1024px\" \/><\/a><\/figure><\/li><li class=\"blocks-gallery-item\"><figure><a href=\"https:\/\/www.vivonsbachy.fr\/wp-content\/uploads\/2019\/05\/6e\u0300me-marche-du-muguet-253A7464-01-mai-2019-1024x683.jpg\" class=\"gallery_colorbox\"><img loading=\"lazy\" decoding=\"async\" width=\"1024\" height=\"683\" src=\"https:\/\/www.vivonsbachy.fr\/wp-content\/uploads\/2019\/05\/6e\u0300me-marche-du-muguet-253A7464-01-mai-2019-1024x683.jpg\"  alt=\"\" data-id=\"6090\" data-link=\"https:\/\/www.vivonsbachy.fr\/?attachment_id=6090\" class=\"wp-image-6090\" srcset=\"https:\/\/www.vivonsbachy.fr\/wp-content\/uploads\/2019\/05\/6e\u0300me-marche-du-muguet-253A7464-01-mai-2019-1024x683.jpg 1024w, https:\/\/www.vivonsbachy.fr\/wp-content\/uploads\/2019\/05\/6e\u0300me-marche-du-muguet-253A7464-01-mai-2019-300x200.jpg 300w, https:\/\/www.vivonsbachy.fr\/wp-content\/uploads\/2019\/05\/6e\u0300me-marche-du-muguet-253A7464-01-mai-2019-768x512.jpg 768w\" sizes=\"(max-width: 1024px) 100vw, 1024px\" \/><\/a><\/figure><\/li><li class=\"blocks-gallery-item\"><figure><a href=\"https:\/\/www.vivonsbachy.fr\/wp-content\/uploads\/2019\/05\/6e\u0300me-marche-du-muguet-253A7465-01-mai-2019-1024x683.jpg\" class=\"gallery_colorbox\"><img loading=\"lazy\" decoding=\"async\" width=\"1024\" height=\"683\" src=\"https:\/\/www.vivonsbachy.fr\/wp-content\/uploads\/2019\/05\/6e\u0300me-marche-du-muguet-253A7465-01-mai-2019-1024x683.jpg\"  alt=\"\" data-id=\"6091\" data-link=\"https:\/\/www.vivonsbachy.fr\/?attachment_id=6091\" class=\"wp-image-6091\" srcset=\"https:\/\/www.vivonsbachy.fr\/wp-content\/uploads\/2019\/05\/6e\u0300me-marche-du-muguet-253A7465-01-mai-2019-1024x683.jpg 1024w, https:\/\/www.vivonsbachy.fr\/wp-content\/uploads\/2019\/05\/6e\u0300me-marche-du-muguet-253A7465-01-mai-2019-300x200.jpg 300w, https:\/\/www.vivonsbachy.fr\/wp-content\/uploads\/2019\/05\/6e\u0300me-marche-du-muguet-253A7465-01-mai-2019-768x512.jpg 768w\" sizes=\"(max-width: 1024px) 100vw, 1024px\" \/><\/a><\/figure><\/li><li class=\"blocks-gallery-item\"><figure><a href=\"https:\/\/www.vivonsbachy.fr\/wp-content\/uploads\/2019\/05\/6e\u0300me-marche-du-muguet-253A7470-01-mai-2019-1024x683.jpg\" class=\"gallery_colorbox\"><img loading=\"lazy\" decoding=\"async\" width=\"1024\" height=\"683\" src=\"https:\/\/www.vivonsbachy.fr\/wp-content\/uploads\/2019\/05\/6e\u0300me-marche-du-muguet-253A7470-01-mai-2019-1024x683.jpg\"  alt=\"\" data-id=\"6092\" data-link=\"https:\/\/www.vivonsbachy.fr\/?attachment_id=6092\" class=\"wp-image-6092\" srcset=\"https:\/\/www.vivonsbachy.fr\/wp-content\/uploads\/2019\/05\/6e\u0300me-marche-du-muguet-253A7470-01-mai-2019-1024x683.jpg 1024w, https:\/\/www.vivonsbachy.fr\/wp-content\/uploads\/2019\/05\/6e\u0300me-marche-du-muguet-253A7470-01-mai-2019-300x200.jpg 300w, https:\/\/www.vivonsbachy.fr\/wp-content\/uploads\/2019\/05\/6e\u0300me-marche-du-muguet-253A7470-01-mai-2019-768x512.jpg 768w\" sizes=\"(max-width: 1024px) 100vw, 1024px\" \/><\/a><\/figure><\/li><li class=\"blocks-gallery-item\"><figure><a href=\"https:\/\/www.vivonsbachy.fr\/wp-content\/uploads\/2019\/05\/6e\u0300me-marche-du-muguet-253A7472-01-mai-2019-1024x683.jpg\" class=\"gallery_colorbox\"><img loading=\"lazy\" decoding=\"async\" width=\"1024\" height=\"683\" src=\"https:\/\/www.vivonsbachy.fr\/wp-content\/uploads\/2019\/05\/6e\u0300me-marche-du-muguet-253A7472-01-mai-2019-1024x683.jpg\"  alt=\"\" data-id=\"6093\" data-link=\"https:\/\/www.vivonsbachy.fr\/?attachment_id=6093\" class=\"wp-image-6093\" srcset=\"https:\/\/www.vivonsbachy.fr\/wp-content\/uploads\/2019\/05\/6e\u0300me-marche-du-muguet-253A7472-01-mai-2019-1024x683.jpg 1024w, https:\/\/www.vivonsbachy.fr\/wp-content\/uploads\/2019\/05\/6e\u0300me-marche-du-muguet-253A7472-01-mai-2019-300x200.jpg 300w, https:\/\/www.vivonsbachy.fr\/wp-content\/uploads\/2019\/05\/6e\u0300me-marche-du-muguet-253A7472-01-mai-2019-768x512.jpg 768w\" sizes=\"(max-width: 1024px) 100vw, 1024px\" \/><\/a><\/figure><\/li><li class=\"blocks-gallery-item\"><figure><a href=\"https:\/\/www.vivonsbachy.fr\/wp-content\/uploads\/2019\/05\/6e\u0300me-marche-du-muguet-253A7475-01-mai-2019-1024x683.jpg\" class=\"gallery_colorbox\"><img loading=\"lazy\" decoding=\"async\" width=\"1024\" height=\"683\" src=\"https:\/\/www.vivonsbachy.fr\/wp-content\/uploads\/2019\/05\/6e\u0300me-marche-du-muguet-253A7475-01-mai-2019-1024x683.jpg\"  alt=\"\" data-id=\"6094\" data-link=\"https:\/\/www.vivonsbachy.fr\/?attachment_id=6094\" class=\"wp-image-6094\" srcset=\"https:\/\/www.vivonsbachy.fr\/wp-content\/uploads\/2019\/05\/6e\u0300me-marche-du-muguet-253A7475-01-mai-2019-1024x683.jpg 1024w, https:\/\/www.vivonsbachy.fr\/wp-content\/uploads\/2019\/05\/6e\u0300me-marche-du-muguet-253A7475-01-mai-2019-300x200.jpg 300w, https:\/\/www.vivonsbachy.fr\/wp-content\/uploads\/2019\/05\/6e\u0300me-marche-du-muguet-253A7475-01-mai-2019-768x512.jpg 768w\" sizes=\"(max-width: 1024px) 100vw, 1024px\" \/><\/a><\/figure><\/li><li class=\"blocks-gallery-item\"><figure><a href=\"https:\/\/www.vivonsbachy.fr\/wp-content\/uploads\/2019\/05\/6e\u0300me-marche-du-muguet-253A7479-01-mai-2019-1024x683.jpg\" class=\"gallery_colorbox\"><img loading=\"lazy\" decoding=\"async\" width=\"1024\" height=\"683\" src=\"https:\/\/www.vivonsbachy.fr\/wp-content\/uploads\/2019\/05\/6e\u0300me-marche-du-muguet-253A7479-01-mai-2019-1024x683.jpg\"  alt=\"\" data-id=\"6095\" data-link=\"https:\/\/www.vivonsbachy.fr\/?attachment_id=6095\" class=\"wp-image-6095\" srcset=\"https:\/\/www.vivonsbachy.fr\/wp-content\/uploads\/2019\/05\/6e\u0300me-marche-du-muguet-253A7479-01-mai-2019-1024x683.jpg 1024w, https:\/\/www.vivonsbachy.fr\/wp-content\/uploads\/2019\/05\/6e\u0300me-marche-du-muguet-253A7479-01-mai-2019-300x200.jpg 300w, https:\/\/www.vivonsbachy.fr\/wp-content\/uploads\/2019\/05\/6e\u0300me-marche-du-muguet-253A7479-01-mai-2019-768x512.jpg 768w\" sizes=\"(max-width: 1024px) 100vw, 1024px\" \/><\/a><\/figure><\/li><li class=\"blocks-gallery-item\"><figure><a href=\"https:\/\/www.vivonsbachy.fr\/wp-content\/uploads\/2019\/05\/6e\u0300me-marche-du-muguet-253A7481-01-mai-2019-1024x683.jpg\" class=\"gallery_colorbox\"><img loading=\"lazy\" decoding=\"async\" width=\"1024\" height=\"683\" src=\"https:\/\/www.vivonsbachy.fr\/wp-content\/uploads\/2019\/05\/6e\u0300me-marche-du-muguet-253A7481-01-mai-2019-1024x683.jpg\"  alt=\"\" data-id=\"6096\" data-link=\"https:\/\/www.vivonsbachy.fr\/?attachment_id=6096\" class=\"wp-image-6096\" srcset=\"https:\/\/www.vivonsbachy.fr\/wp-content\/uploads\/2019\/05\/6e\u0300me-marche-du-muguet-253A7481-01-mai-2019-1024x683.jpg 1024w, https:\/\/www.vivonsbachy.fr\/wp-content\/uploads\/2019\/05\/6e\u0300me-marche-du-muguet-253A7481-01-mai-2019-300x200.jpg 300w, https:\/\/www.vivonsbachy.fr\/wp-content\/uploads\/2019\/05\/6e\u0300me-marche-du-muguet-253A7481-01-mai-2019-768x512.jpg 768w\" sizes=\"(max-width: 1024px) 100vw, 1024px\" \/><\/a><\/figure><\/li><li class=\"blocks-gallery-item\"><figure><a href=\"https:\/\/www.vivonsbachy.fr\/wp-content\/uploads\/2019\/05\/6e\u0300me-marche-du-muguet-253A7484-01-mai-2019-1024x683.jpg\" class=\"gallery_colorbox\"><img loading=\"lazy\" decoding=\"async\" width=\"1024\" height=\"683\" src=\"https:\/\/www.vivonsbachy.fr\/wp-content\/uploads\/2019\/05\/6e\u0300me-marche-du-muguet-253A7484-01-mai-2019-1024x683.jpg\"  alt=\"\" data-id=\"6097\" data-link=\"https:\/\/www.vivonsbachy.fr\/?attachment_id=6097\" class=\"wp-image-6097\" srcset=\"https:\/\/www.vivonsbachy.fr\/wp-content\/uploads\/2019\/05\/6e\u0300me-marche-du-muguet-253A7484-01-mai-2019-1024x683.jpg 1024w, https:\/\/www.vivonsbachy.fr\/wp-content\/uploads\/2019\/05\/6e\u0300me-marche-du-muguet-253A7484-01-mai-2019-300x200.jpg 300w, https:\/\/www.vivonsbachy.fr\/wp-content\/uploads\/2019\/05\/6e\u0300me-marche-du-muguet-253A7484-01-mai-2019-768x512.jpg 768w\" sizes=\"(max-width: 1024px) 100vw, 1024px\" \/><\/a><\/figure><\/li><li class=\"blocks-gallery-item\"><figure><a href=\"https:\/\/www.vivonsbachy.fr\/wp-content\/uploads\/2019\/05\/6e\u0300me-marche-du-muguet-253A7485-01-mai-2019-1024x683.jpg\" class=\"gallery_colorbox\"><img loading=\"lazy\" decoding=\"async\" width=\"1024\" height=\"683\" src=\"https:\/\/www.vivonsbachy.fr\/wp-content\/uploads\/2019\/05\/6e\u0300me-marche-du-muguet-253A7485-01-mai-2019-1024x683.jpg\"  alt=\"\" data-id=\"6098\" data-link=\"https:\/\/www.vivonsbachy.fr\/?attachment_id=6098\" class=\"wp-image-6098\" srcset=\"https:\/\/www.vivonsbachy.fr\/wp-content\/uploads\/2019\/05\/6e\u0300me-marche-du-muguet-253A7485-01-mai-2019-1024x683.jpg 1024w, https:\/\/www.vivonsbachy.fr\/wp-content\/uploads\/2019\/05\/6e\u0300me-marche-du-muguet-253A7485-01-mai-2019-300x200.jpg 300w, https:\/\/www.vivonsbachy.fr\/wp-content\/uploads\/2019\/05\/6e\u0300me-marche-du-muguet-253A7485-01-mai-2019-768x512.jpg 768w\" sizes=\"(max-width: 1024px) 100vw, 1024px\" \/><\/a><\/figure><\/li><li class=\"blocks-gallery-item\"><figure><a href=\"https:\/\/www.vivonsbachy.fr\/wp-content\/uploads\/2019\/05\/6e\u0300me-marche-du-muguet-253A7487-01-mai-2019-1024x683.jpg\" class=\"gallery_colorbox\"><img loading=\"lazy\" decoding=\"async\" width=\"1024\" height=\"683\" src=\"https:\/\/www.vivonsbachy.fr\/wp-content\/uploads\/2019\/05\/6e\u0300me-marche-du-muguet-253A7487-01-mai-2019-1024x683.jpg\"  alt=\"\" data-id=\"6099\" data-link=\"https:\/\/www.vivonsbachy.fr\/?attachment_id=6099\" class=\"wp-image-6099\" srcset=\"https:\/\/www.vivonsbachy.fr\/wp-content\/uploads\/2019\/05\/6e\u0300me-marche-du-muguet-253A7487-01-mai-2019-1024x683.jpg 1024w, https:\/\/www.vivonsbachy.fr\/wp-content\/uploads\/2019\/05\/6e\u0300me-marche-du-muguet-253A7487-01-mai-2019-300x200.jpg 300w, https:\/\/www.vivonsbachy.fr\/wp-content\/uploads\/2019\/05\/6e\u0300me-marche-du-muguet-253A7487-01-mai-2019-768x512.jpg 768w\" sizes=\"(max-width: 1024px) 100vw, 1024px\" \/><\/a><\/figure><\/li><li class=\"blocks-gallery-item\"><figure><a href=\"https:\/\/www.vivonsbachy.fr\/wp-content\/uploads\/2019\/05\/6e\u0300me-marche-du-muguet-253A7488-01-mai-2019-1024x683.jpg\" class=\"gallery_colorbox\"><img loading=\"lazy\" decoding=\"async\" width=\"1024\" height=\"683\" src=\"https:\/\/www.vivonsbachy.fr\/wp-content\/uploads\/2019\/05\/6e\u0300me-marche-du-muguet-253A7488-01-mai-2019-1024x683.jpg\"  alt=\"\" data-id=\"6100\" data-link=\"https:\/\/www.vivonsbachy.fr\/?attachment_id=6100\" class=\"wp-image-6100\" srcset=\"https:\/\/www.vivonsbachy.fr\/wp-content\/uploads\/2019\/05\/6e\u0300me-marche-du-muguet-253A7488-01-mai-2019-1024x683.jpg 1024w, https:\/\/www.vivonsbachy.fr\/wp-content\/uploads\/2019\/05\/6e\u0300me-marche-du-muguet-253A7488-01-mai-2019-300x200.jpg 300w, https:\/\/www.vivonsbachy.fr\/wp-content\/uploads\/2019\/05\/6e\u0300me-marche-du-muguet-253A7488-01-mai-2019-768x512.jpg 768w\" sizes=\"(max-width: 1024px) 100vw, 1024px\" \/><\/a><\/figure><\/li><li class=\"blocks-gallery-item\"><figure><a href=\"https:\/\/www.vivonsbachy.fr\/wp-content\/uploads\/2019\/05\/6e\u0300me-marche-du-muguet-253A7495-01-mai-2019-1024x683.jpg\" class=\"gallery_colorbox\"><img loading=\"lazy\" decoding=\"async\" width=\"1024\" height=\"683\" src=\"https:\/\/www.vivonsbachy.fr\/wp-content\/uploads\/2019\/05\/6e\u0300me-marche-du-muguet-253A7495-01-mai-2019-1024x683.jpg\"  alt=\"\" data-id=\"6101\" data-link=\"https:\/\/www.vivonsbachy.fr\/?attachment_id=6101\" class=\"wp-image-6101\" srcset=\"https:\/\/www.vivonsbachy.fr\/wp-content\/uploads\/2019\/05\/6e\u0300me-marche-du-muguet-253A7495-01-mai-2019-1024x683.jpg 1024w, https:\/\/www.vivonsbachy.fr\/wp-content\/uploads\/2019\/05\/6e\u0300me-marche-du-muguet-253A7495-01-mai-2019-300x200.jpg 300w, https:\/\/www.vivonsbachy.fr\/wp-content\/uploads\/2019\/05\/6e\u0300me-marche-du-muguet-253A7495-01-mai-2019-768x512.jpg 768w\" sizes=\"(max-width: 1024px) 100vw, 1024px\" \/><\/a><\/figure><\/li><li class=\"blocks-gallery-item\"><figure><a href=\"https:\/\/www.vivonsbachy.fr\/wp-content\/uploads\/2019\/05\/6e\u0300me-marche-du-muguet-253A7496-01-mai-2019-1024x683.jpg\" class=\"gallery_colorbox\"><img loading=\"lazy\" decoding=\"async\" width=\"1024\" height=\"683\" src=\"https:\/\/www.vivonsbachy.fr\/wp-content\/uploads\/2019\/05\/6e\u0300me-marche-du-muguet-253A7496-01-mai-2019-1024x683.jpg\"  alt=\"\" data-id=\"6102\" data-link=\"https:\/\/www.vivonsbachy.fr\/?attachment_id=6102\" class=\"wp-image-6102\" srcset=\"https:\/\/www.vivonsbachy.fr\/wp-content\/uploads\/2019\/05\/6e\u0300me-marche-du-muguet-253A7496-01-mai-2019-1024x683.jpg 1024w, https:\/\/www.vivonsbachy.fr\/wp-content\/uploads\/2019\/05\/6e\u0300me-marche-du-muguet-253A7496-01-mai-2019-300x200.jpg 300w, https:\/\/www.vivonsbachy.fr\/wp-content\/uploads\/2019\/05\/6e\u0300me-marche-du-muguet-253A7496-01-mai-2019-768x512.jpg 768w\" sizes=\"(max-width: 1024px) 100vw, 1024px\" \/><\/a><\/figure><\/li><li class=\"blocks-gallery-item\"><figure><a href=\"https:\/\/www.vivonsbachy.fr\/wp-content\/uploads\/2019\/05\/6e\u0300me-marche-du-muguet-253A7497-01-mai-2019-1024x683.jpg\" class=\"gallery_colorbox\"><img loading=\"lazy\" decoding=\"async\" width=\"1024\" height=\"683\" src=\"https:\/\/www.vivonsbachy.fr\/wp-content\/uploads\/2019\/05\/6e\u0300me-marche-du-muguet-253A7497-01-mai-2019-1024x683.jpg\"  alt=\"\" data-id=\"6103\" data-link=\"https:\/\/www.vivonsbachy.fr\/?attachment_id=6103\" class=\"wp-image-6103\" srcset=\"https:\/\/www.vivonsbachy.fr\/wp-content\/uploads\/2019\/05\/6e\u0300me-marche-du-muguet-253A7497-01-mai-2019-1024x683.jpg 1024w, https:\/\/www.vivonsbachy.fr\/wp-content\/uploads\/2019\/05\/6e\u0300me-marche-du-muguet-253A7497-01-mai-2019-300x200.jpg 300w, https:\/\/www.vivonsbachy.fr\/wp-content\/uploads\/2019\/05\/6e\u0300me-marche-du-muguet-253A7497-01-mai-2019-768x512.jpg 768w\" sizes=\"(max-width: 1024px) 100vw, 1024px\" \/><\/a><\/figure><\/li><li class=\"blocks-gallery-item\"><figure><a href=\"https:\/\/www.vivonsbachy.fr\/wp-content\/uploads\/2019\/05\/6e\u0300me-marche-du-muguet-253A7498-01-mai-2019-1024x683.jpg\" class=\"gallery_colorbox\"><img loading=\"lazy\" decoding=\"async\" width=\"1024\" height=\"683\" src=\"https:\/\/www.vivonsbachy.fr\/wp-content\/uploads\/2019\/05\/6e\u0300me-marche-du-muguet-253A7498-01-mai-2019-1024x683.jpg\"  alt=\"\" data-id=\"6104\" data-link=\"https:\/\/www.vivonsbachy.fr\/?attachment_id=6104\" class=\"wp-image-6104\" srcset=\"https:\/\/www.vivonsbachy.fr\/wp-content\/uploads\/2019\/05\/6e\u0300me-marche-du-muguet-253A7498-01-mai-2019-1024x683.jpg 1024w, https:\/\/www.vivonsbachy.fr\/wp-content\/uploads\/2019\/05\/6e\u0300me-marche-du-muguet-253A7498-01-mai-2019-300x200.jpg 300w, https:\/\/www.vivonsbachy.fr\/wp-content\/uploads\/2019\/05\/6e\u0300me-marche-du-muguet-253A7498-01-mai-2019-768x512.jpg 768w\" sizes=\"(max-width: 1024px) 100vw, 1024px\" \/><\/a><\/figure><\/li><li class=\"blocks-gallery-item\"><figure><a href=\"https:\/\/www.vivonsbachy.fr\/wp-content\/uploads\/2019\/05\/6e\u0300me-marche-du-muguet-253A7499-01-mai-2019-1024x683.jpg\" class=\"gallery_colorbox\"><img loading=\"lazy\" decoding=\"async\" width=\"1024\" height=\"683\" src=\"https:\/\/www.vivonsbachy.fr\/wp-content\/uploads\/2019\/05\/6e\u0300me-marche-du-muguet-253A7499-01-mai-2019-1024x683.jpg\"  alt=\"\" data-id=\"6105\" data-link=\"https:\/\/www.vivonsbachy.fr\/?attachment_id=6105\" class=\"wp-image-6105\" srcset=\"https:\/\/www.vivonsbachy.fr\/wp-content\/uploads\/2019\/05\/6e\u0300me-marche-du-muguet-253A7499-01-mai-2019-1024x683.jpg 1024w, https:\/\/www.vivonsbachy.fr\/wp-content\/uploads\/2019\/05\/6e\u0300me-marche-du-muguet-253A7499-01-mai-2019-300x200.jpg 300w, https:\/\/www.vivonsbachy.fr\/wp-content\/uploads\/2019\/05\/6e\u0300me-marche-du-muguet-253A7499-01-mai-2019-768x512.jpg 768w\" sizes=\"(max-width: 1024px) 100vw, 1024px\" \/><\/a><\/figure><\/li><li class=\"blocks-gallery-item\"><figure><a href=\"https:\/\/www.vivonsbachy.fr\/wp-content\/uploads\/2019\/05\/6e\u0300me-marche-du-muguet-253A7501-01-mai-2019-1024x683.jpg\" class=\"gallery_colorbox\"><img loading=\"lazy\" decoding=\"async\" width=\"1024\" height=\"683\" src=\"https:\/\/www.vivonsbachy.fr\/wp-content\/uploads\/2019\/05\/6e\u0300me-marche-du-muguet-253A7501-01-mai-2019-1024x683.jpg\"  alt=\"\" data-id=\"6106\" data-link=\"https:\/\/www.vivonsbachy.fr\/?attachment_id=6106\" class=\"wp-image-6106\" srcset=\"https:\/\/www.vivonsbachy.fr\/wp-content\/uploads\/2019\/05\/6e\u0300me-marche-du-muguet-253A7501-01-mai-2019-1024x683.jpg 1024w, https:\/\/www.vivonsbachy.fr\/wp-content\/uploads\/2019\/05\/6e\u0300me-marche-du-muguet-253A7501-01-mai-2019-300x200.jpg 300w, https:\/\/www.vivonsbachy.fr\/wp-content\/uploads\/2019\/05\/6e\u0300me-marche-du-muguet-253A7501-01-mai-2019-768x512.jpg 768w\" sizes=\"(max-width: 1024px) 100vw, 1024px\" \/><\/a><\/figure><\/li><li class=\"blocks-gallery-item\"><figure><a href=\"https:\/\/www.vivonsbachy.fr\/wp-content\/uploads\/2019\/05\/6e\u0300me-marche-du-muguet-253A7503-01-mai-2019-1024x683.jpg\" class=\"gallery_colorbox\"><img loading=\"lazy\" decoding=\"async\" width=\"1024\" height=\"683\" src=\"https:\/\/www.vivonsbachy.fr\/wp-content\/uploads\/2019\/05\/6e\u0300me-marche-du-muguet-253A7503-01-mai-2019-1024x683.jpg\"  alt=\"\" data-id=\"6107\" data-link=\"https:\/\/www.vivonsbachy.fr\/?attachment_id=6107\" class=\"wp-image-6107\" srcset=\"https:\/\/www.vivonsbachy.fr\/wp-content\/uploads\/2019\/05\/6e\u0300me-marche-du-muguet-253A7503-01-mai-2019-1024x683.jpg 1024w, https:\/\/www.vivonsbachy.fr\/wp-content\/uploads\/2019\/05\/6e\u0300me-marche-du-muguet-253A7503-01-mai-2019-300x200.jpg 300w, https:\/\/www.vivonsbachy.fr\/wp-content\/uploads\/2019\/05\/6e\u0300me-marche-du-muguet-253A7503-01-mai-2019-768x512.jpg 768w\" sizes=\"(max-width: 1024px) 100vw, 1024px\" \/><\/a><\/figure><\/li><li class=\"blocks-gallery-item\"><figure><a href=\"https:\/\/www.vivonsbachy.fr\/wp-content\/uploads\/2019\/05\/6e\u0300me-marche-du-muguet-253A7512-01-mai-2019-1024x683.jpg\" class=\"gallery_colorbox\"><img loading=\"lazy\" decoding=\"async\" width=\"1024\" height=\"683\" src=\"https:\/\/www.vivonsbachy.fr\/wp-content\/uploads\/2019\/05\/6e\u0300me-marche-du-muguet-253A7512-01-mai-2019-1024x683.jpg\"  alt=\"\" data-id=\"6108\" data-link=\"https:\/\/www.vivonsbachy.fr\/?attachment_id=6108\" class=\"wp-image-6108\" srcset=\"https:\/\/www.vivonsbachy.fr\/wp-content\/uploads\/2019\/05\/6e\u0300me-marche-du-muguet-253A7512-01-mai-2019-1024x683.jpg 1024w, https:\/\/www.vivonsbachy.fr\/wp-content\/uploads\/2019\/05\/6e\u0300me-marche-du-muguet-253A7512-01-mai-2019-300x200.jpg 300w, https:\/\/www.vivonsbachy.fr\/wp-content\/uploads\/2019\/05\/6e\u0300me-marche-du-muguet-253A7512-01-mai-2019-768x512.jpg 768w\" sizes=\"(max-width: 1024px) 100vw, 1024px\" \/><\/a><\/figure><\/li><li class=\"blocks-gallery-item\"><figure><a href=\"https:\/\/www.vivonsbachy.fr\/wp-content\/uploads\/2019\/05\/6e\u0300me-marche-du-muguet-253A7513-01-mai-2019-1024x683.jpg\" class=\"gallery_colorbox\"><img loading=\"lazy\" decoding=\"async\" width=\"1024\" height=\"683\" src=\"https:\/\/www.vivonsbachy.fr\/wp-content\/uploads\/2019\/05\/6e\u0300me-marche-du-muguet-253A7513-01-mai-2019-1024x683.jpg\"  alt=\"\" data-id=\"6109\" data-link=\"https:\/\/www.vivonsbachy.fr\/?attachment_id=6109\" class=\"wp-image-6109\" srcset=\"https:\/\/www.vivonsbachy.fr\/wp-content\/uploads\/2019\/05\/6e\u0300me-marche-du-muguet-253A7513-01-mai-2019-1024x683.jpg 1024w, https:\/\/www.vivonsbachy.fr\/wp-content\/uploads\/2019\/05\/6e\u0300me-marche-du-muguet-253A7513-01-mai-2019-300x200.jpg 300w, https:\/\/www.vivonsbachy.fr\/wp-content\/uploads\/2019\/05\/6e\u0300me-marche-du-muguet-253A7513-01-mai-2019-768x512.jpg 768w\" sizes=\"(max-width: 1024px) 100vw, 1024px\" \/><\/a><\/figure><\/li><li class=\"blocks-gallery-item\"><figure><a href=\"https:\/\/www.vivonsbachy.fr\/wp-content\/uploads\/2019\/05\/6e\u0300me-marche-du-muguet-253A7518-01-mai-2019-1024x683.jpg\" class=\"gallery_colorbox\"><img loading=\"lazy\" decoding=\"async\" width=\"1024\" height=\"683\" src=\"https:\/\/www.vivonsbachy.fr\/wp-content\/uploads\/2019\/05\/6e\u0300me-marche-du-muguet-253A7518-01-mai-2019-1024x683.jpg\"  alt=\"\" data-id=\"6110\" data-link=\"https:\/\/www.vivonsbachy.fr\/?attachment_id=6110\" class=\"wp-image-6110\" srcset=\"https:\/\/www.vivonsbachy.fr\/wp-content\/uploads\/2019\/05\/6e\u0300me-marche-du-muguet-253A7518-01-mai-2019-1024x683.jpg 1024w, https:\/\/www.vivonsbachy.fr\/wp-content\/uploads\/2019\/05\/6e\u0300me-marche-du-muguet-253A7518-01-mai-2019-300x200.jpg 300w, https:\/\/www.vivonsbachy.fr\/wp-content\/uploads\/2019\/05\/6e\u0300me-marche-du-muguet-253A7518-01-mai-2019-768x512.jpg 768w\" sizes=\"(max-width: 1024px) 100vw, 1024px\" \/><\/a><\/figure><\/li><li class=\"blocks-gallery-item\"><figure><a href=\"https:\/\/www.vivonsbachy.fr\/wp-content\/uploads\/2019\/05\/6e\u0300me-marche-du-muguet-253A7519-01-mai-2019-1024x683.jpg\" class=\"gallery_colorbox\"><img loading=\"lazy\" decoding=\"async\" width=\"1024\" height=\"683\" src=\"https:\/\/www.vivonsbachy.fr\/wp-content\/uploads\/2019\/05\/6e\u0300me-marche-du-muguet-253A7519-01-mai-2019-1024x683.jpg\"  alt=\"\" data-id=\"6111\" data-link=\"https:\/\/www.vivonsbachy.fr\/?attachment_id=6111\" class=\"wp-image-6111\" srcset=\"https:\/\/www.vivonsbachy.fr\/wp-content\/uploads\/2019\/05\/6e\u0300me-marche-du-muguet-253A7519-01-mai-2019-1024x683.jpg 1024w, https:\/\/www.vivonsbachy.fr\/wp-content\/uploads\/2019\/05\/6e\u0300me-marche-du-muguet-253A7519-01-mai-2019-300x200.jpg 300w, https:\/\/www.vivonsbachy.fr\/wp-content\/uploads\/2019\/05\/6e\u0300me-marche-du-muguet-253A7519-01-mai-2019-768x512.jpg 768w\" sizes=\"(max-width: 1024px) 100vw, 1024px\" \/><\/a><\/figure><\/li><li class=\"blocks-gallery-item\"><figure><a href=\"https:\/\/www.vivonsbachy.fr\/wp-content\/uploads\/2019\/05\/6e\u0300me-marche-du-muguet-253A7520-01-mai-2019-1024x683.jpg\" class=\"gallery_colorbox\"><img loading=\"lazy\" decoding=\"async\" width=\"1024\" height=\"683\" src=\"https:\/\/www.vivonsbachy.fr\/wp-content\/uploads\/2019\/05\/6e\u0300me-marche-du-muguet-253A7520-01-mai-2019-1024x683.jpg\"  alt=\"\" data-id=\"6112\" data-link=\"https:\/\/www.vivonsbachy.fr\/?attachment_id=6112\" class=\"wp-image-6112\" srcset=\"https:\/\/www.vivonsbachy.fr\/wp-content\/uploads\/2019\/05\/6e\u0300me-marche-du-muguet-253A7520-01-mai-2019-1024x683.jpg 1024w, https:\/\/www.vivonsbachy.fr\/wp-content\/uploads\/2019\/05\/6e\u0300me-marche-du-muguet-253A7520-01-mai-2019-300x200.jpg 300w, https:\/\/www.vivonsbachy.fr\/wp-content\/uploads\/2019\/05\/6e\u0300me-marche-du-muguet-253A7520-01-mai-2019-768x512.jpg 768w\" sizes=\"(max-width: 1024px) 100vw, 1024px\" \/><\/a><\/figure><\/li><li class=\"blocks-gallery-item\"><figure><a href=\"https:\/\/www.vivonsbachy.fr\/wp-content\/uploads\/2019\/05\/6e\u0300me-marche-du-muguet-253A7526-01-mai-2019-1024x683.jpg\" class=\"gallery_colorbox\"><img loading=\"lazy\" decoding=\"async\" width=\"1024\" height=\"683\" src=\"https:\/\/www.vivonsbachy.fr\/wp-content\/uploads\/2019\/05\/6e\u0300me-marche-du-muguet-253A7526-01-mai-2019-1024x683.jpg\"  alt=\"\" data-id=\"6113\" data-link=\"https:\/\/www.vivonsbachy.fr\/?attachment_id=6113\" class=\"wp-image-6113\" srcset=\"https:\/\/www.vivonsbachy.fr\/wp-content\/uploads\/2019\/05\/6e\u0300me-marche-du-muguet-253A7526-01-mai-2019-1024x683.jpg 1024w, https:\/\/www.vivonsbachy.fr\/wp-content\/uploads\/2019\/05\/6e\u0300me-marche-du-muguet-253A7526-01-mai-2019-300x200.jpg 300w, https:\/\/www.vivonsbachy.fr\/wp-content\/uploads\/2019\/05\/6e\u0300me-marche-du-muguet-253A7526-01-mai-2019-768x512.jpg 768w\" sizes=\"(max-width: 1024px) 100vw, 1024px\" \/><\/a><\/figure><\/li><li class=\"blocks-gallery-item\"><figure><a href=\"https:\/\/www.vivonsbachy.fr\/wp-content\/uploads\/2019\/05\/6e\u0300me-marche-du-muguet-253A7528-01-mai-2019-1024x683.jpg\" class=\"gallery_colorbox\"><img loading=\"lazy\" decoding=\"async\" width=\"1024\" height=\"683\" src=\"https:\/\/www.vivonsbachy.fr\/wp-content\/uploads\/2019\/05\/6e\u0300me-marche-du-muguet-253A7528-01-mai-2019-1024x683.jpg\"  alt=\"\" data-id=\"6114\" data-link=\"https:\/\/www.vivonsbachy.fr\/?attachment_id=6114\" class=\"wp-image-6114\" srcset=\"https:\/\/www.vivonsbachy.fr\/wp-content\/uploads\/2019\/05\/6e\u0300me-marche-du-muguet-253A7528-01-mai-2019-1024x683.jpg 1024w, https:\/\/www.vivonsbachy.fr\/wp-content\/uploads\/2019\/05\/6e\u0300me-marche-du-muguet-253A7528-01-mai-2019-300x200.jpg 300w, https:\/\/www.vivonsbachy.fr\/wp-content\/uploads\/2019\/05\/6e\u0300me-marche-du-muguet-253A7528-01-mai-2019-768x512.jpg 768w\" sizes=\"(max-width: 1024px) 100vw, 1024px\" \/><\/a><\/figure><\/li><li class=\"blocks-gallery-item\"><figure><a href=\"https:\/\/www.vivonsbachy.fr\/wp-content\/uploads\/2019\/05\/6e\u0300me-marche-du-muguet-253A7530-01-mai-2019-1024x683.jpg\" class=\"gallery_colorbox\"><img loading=\"lazy\" decoding=\"async\" width=\"1024\" height=\"683\" src=\"https:\/\/www.vivonsbachy.fr\/wp-content\/uploads\/2019\/05\/6e\u0300me-marche-du-muguet-253A7530-01-mai-2019-1024x683.jpg\"  alt=\"\" data-id=\"6115\" data-link=\"https:\/\/www.vivonsbachy.fr\/?attachment_id=6115\" class=\"wp-image-6115\" srcset=\"https:\/\/www.vivonsbachy.fr\/wp-content\/uploads\/2019\/05\/6e\u0300me-marche-du-muguet-253A7530-01-mai-2019-1024x683.jpg 1024w, https:\/\/www.vivonsbachy.fr\/wp-content\/uploads\/2019\/05\/6e\u0300me-marche-du-muguet-253A7530-01-mai-2019-300x200.jpg 300w, https:\/\/www.vivonsbachy.fr\/wp-content\/uploads\/2019\/05\/6e\u0300me-marche-du-muguet-253A7530-01-mai-2019-768x512.jpg 768w\" sizes=\"(max-width: 1024px) 100vw, 1024px\" \/><\/a><\/figure><\/li><li class=\"blocks-gallery-item\"><figure><a href=\"https:\/\/www.vivonsbachy.fr\/wp-content\/uploads\/2019\/05\/6e\u0300me-marche-du-muguet-253A7533-01-mai-2019-1024x683.jpg\" class=\"gallery_colorbox\"><img loading=\"lazy\" decoding=\"async\" width=\"1024\" height=\"683\" src=\"https:\/\/www.vivonsbachy.fr\/wp-content\/uploads\/2019\/05\/6e\u0300me-marche-du-muguet-253A7533-01-mai-2019-1024x683.jpg\"  alt=\"\" data-id=\"6116\" data-link=\"https:\/\/www.vivonsbachy.fr\/?attachment_id=6116\" class=\"wp-image-6116\" srcset=\"https:\/\/www.vivonsbachy.fr\/wp-content\/uploads\/2019\/05\/6e\u0300me-marche-du-muguet-253A7533-01-mai-2019-1024x683.jpg 1024w, https:\/\/www.vivonsbachy.fr\/wp-content\/uploads\/2019\/05\/6e\u0300me-marche-du-muguet-253A7533-01-mai-2019-300x200.jpg 300w, https:\/\/www.vivonsbachy.fr\/wp-content\/uploads\/2019\/05\/6e\u0300me-marche-du-muguet-253A7533-01-mai-2019-768x512.jpg 768w\" sizes=\"(max-width: 1024px) 100vw, 1024px\" \/><\/a><\/figure><\/li><li class=\"blocks-gallery-item\"><figure><a href=\"https:\/\/www.vivonsbachy.fr\/wp-content\/uploads\/2019\/05\/6e\u0300me-marche-du-muguet-253A7537-01-mai-2019-1024x683.jpg\" class=\"gallery_colorbox\"><img loading=\"lazy\" decoding=\"async\" width=\"1024\" height=\"683\" src=\"https:\/\/www.vivonsbachy.fr\/wp-content\/uploads\/2019\/05\/6e\u0300me-marche-du-muguet-253A7537-01-mai-2019-1024x683.jpg\"  alt=\"\" data-id=\"6117\" data-link=\"https:\/\/www.vivonsbachy.fr\/?attachment_id=6117\" class=\"wp-image-6117\" srcset=\"https:\/\/www.vivonsbachy.fr\/wp-content\/uploads\/2019\/05\/6e\u0300me-marche-du-muguet-253A7537-01-mai-2019-1024x683.jpg 1024w, https:\/\/www.vivonsbachy.fr\/wp-content\/uploads\/2019\/05\/6e\u0300me-marche-du-muguet-253A7537-01-mai-2019-300x200.jpg 300w, https:\/\/www.vivonsbachy.fr\/wp-content\/uploads\/2019\/05\/6e\u0300me-marche-du-muguet-253A7537-01-mai-2019-768x512.jpg 768w\" sizes=\"(max-width: 1024px) 100vw, 1024px\" \/><\/a><\/figure><\/li><li class=\"blocks-gallery-item\"><figure><a href=\"https:\/\/www.vivonsbachy.fr\/wp-content\/uploads\/2019\/05\/6e\u0300me-marche-du-muguet-253A7540-01-mai-2019-1024x683.jpg\" class=\"gallery_colorbox\"><img loading=\"lazy\" decoding=\"async\" width=\"1024\" height=\"683\" src=\"https:\/\/www.vivonsbachy.fr\/wp-content\/uploads\/2019\/05\/6e\u0300me-marche-du-muguet-253A7540-01-mai-2019-1024x683.jpg\"  alt=\"\" data-id=\"6118\" data-link=\"https:\/\/www.vivonsbachy.fr\/?attachment_id=6118\" class=\"wp-image-6118\" srcset=\"https:\/\/www.vivonsbachy.fr\/wp-content\/uploads\/2019\/05\/6e\u0300me-marche-du-muguet-253A7540-01-mai-2019-1024x683.jpg 1024w, https:\/\/www.vivonsbachy.fr\/wp-content\/uploads\/2019\/05\/6e\u0300me-marche-du-muguet-253A7540-01-mai-2019-300x200.jpg 300w, https:\/\/www.vivonsbachy.fr\/wp-content\/uploads\/2019\/05\/6e\u0300me-marche-du-muguet-253A7540-01-mai-2019-768x512.jpg 768w\" sizes=\"(max-width: 1024px) 100vw, 1024px\" \/><\/a><\/figure><\/li><li class=\"blocks-gallery-item\"><figure><a href=\"https:\/\/www.vivonsbachy.fr\/wp-content\/uploads\/2019\/05\/6e\u0300me-marche-du-muguet-253A7542-01-mai-2019-1024x683.jpg\" class=\"gallery_colorbox\"><img loading=\"lazy\" decoding=\"async\" width=\"1024\" height=\"683\" src=\"https:\/\/www.vivonsbachy.fr\/wp-content\/uploads\/2019\/05\/6e\u0300me-marche-du-muguet-253A7542-01-mai-2019-1024x683.jpg\"  alt=\"\" data-id=\"6119\" data-link=\"https:\/\/www.vivonsbachy.fr\/?attachment_id=6119\" class=\"wp-image-6119\" srcset=\"https:\/\/www.vivonsbachy.fr\/wp-content\/uploads\/2019\/05\/6e\u0300me-marche-du-muguet-253A7542-01-mai-2019-1024x683.jpg 1024w, https:\/\/www.vivonsbachy.fr\/wp-content\/uploads\/2019\/05\/6e\u0300me-marche-du-muguet-253A7542-01-mai-2019-300x200.jpg 300w, https:\/\/www.vivonsbachy.fr\/wp-content\/uploads\/2019\/05\/6e\u0300me-marche-du-muguet-253A7542-01-mai-2019-768x512.jpg 768w\" sizes=\"(max-width: 1024px) 100vw, 1024px\" \/><\/a><\/figure><\/li><li class=\"blocks-gallery-item\"><figure><a href=\"https:\/\/www.vivonsbachy.fr\/wp-content\/uploads\/2019\/05\/6e\u0300me-marche-du-muguet-253A7543-01-mai-2019-1024x683.jpg\" class=\"gallery_colorbox\"><img loading=\"lazy\" decoding=\"async\" width=\"1024\" height=\"683\" src=\"https:\/\/www.vivonsbachy.fr\/wp-content\/uploads\/2019\/05\/6e\u0300me-marche-du-muguet-253A7543-01-mai-2019-1024x683.jpg\"  alt=\"\" data-id=\"6120\" data-link=\"https:\/\/www.vivonsbachy.fr\/?attachment_id=6120\" class=\"wp-image-6120\" srcset=\"https:\/\/www.vivonsbachy.fr\/wp-content\/uploads\/2019\/05\/6e\u0300me-marche-du-muguet-253A7543-01-mai-2019-1024x683.jpg 1024w, https:\/\/www.vivonsbachy.fr\/wp-content\/uploads\/2019\/05\/6e\u0300me-marche-du-muguet-253A7543-01-mai-2019-300x200.jpg 300w, https:\/\/www.vivonsbachy.fr\/wp-content\/uploads\/2019\/05\/6e\u0300me-marche-du-muguet-253A7543-01-mai-2019-768x512.jpg 768w\" sizes=\"(max-width: 1024px) 100vw, 1024px\" \/><\/a><\/figure><\/li><li class=\"blocks-gallery-item\"><figure><a href=\"https:\/\/www.vivonsbachy.fr\/wp-content\/uploads\/2019\/05\/6e\u0300me-marche-du-muguet-253A7544-01-mai-2019-1024x683.jpg\" class=\"gallery_colorbox\"><img loading=\"lazy\" decoding=\"async\" width=\"1024\" height=\"683\" src=\"https:\/\/www.vivonsbachy.fr\/wp-content\/uploads\/2019\/05\/6e\u0300me-marche-du-muguet-253A7544-01-mai-2019-1024x683.jpg\"  alt=\"\" data-id=\"6121\" data-link=\"https:\/\/www.vivonsbachy.fr\/?attachment_id=6121\" class=\"wp-image-6121\" srcset=\"https:\/\/www.vivonsbachy.fr\/wp-content\/uploads\/2019\/05\/6e\u0300me-marche-du-muguet-253A7544-01-mai-2019-1024x683.jpg 1024w, https:\/\/www.vivonsbachy.fr\/wp-content\/uploads\/2019\/05\/6e\u0300me-marche-du-muguet-253A7544-01-mai-2019-300x200.jpg 300w, https:\/\/www.vivonsbachy.fr\/wp-content\/uploads\/2019\/05\/6e\u0300me-marche-du-muguet-253A7544-01-mai-2019-768x512.jpg 768w\" sizes=\"(max-width: 1024px) 100vw, 1024px\" \/><\/a><\/figure><\/li><li class=\"blocks-gallery-item\"><figure><a href=\"https:\/\/www.vivonsbachy.fr\/wp-content\/uploads\/2019\/05\/6e\u0300me-marche-du-muguet-253A7547-01-mai-2019-1024x683.jpg\" class=\"gallery_colorbox\"><img loading=\"lazy\" decoding=\"async\" width=\"1024\" height=\"683\" src=\"https:\/\/www.vivonsbachy.fr\/wp-content\/uploads\/2019\/05\/6e\u0300me-marche-du-muguet-253A7547-01-mai-2019-1024x683.jpg\"  alt=\"\" data-id=\"6122\" data-link=\"https:\/\/www.vivonsbachy.fr\/?attachment_id=6122\" class=\"wp-image-6122\" srcset=\"https:\/\/www.vivonsbachy.fr\/wp-content\/uploads\/2019\/05\/6e\u0300me-marche-du-muguet-253A7547-01-mai-2019-1024x683.jpg 1024w, https:\/\/www.vivonsbachy.fr\/wp-content\/uploads\/2019\/05\/6e\u0300me-marche-du-muguet-253A7547-01-mai-2019-300x200.jpg 300w, https:\/\/www.vivonsbachy.fr\/wp-content\/uploads\/2019\/05\/6e\u0300me-marche-du-muguet-253A7547-01-mai-2019-768x512.jpg 768w\" sizes=\"(max-width: 1024px) 100vw, 1024px\" \/><\/a><\/figure><\/li><li class=\"blocks-gallery-item\"><figure><a href=\"https:\/\/www.vivonsbachy.fr\/wp-content\/uploads\/2019\/05\/6e\u0300me-marche-du-muguet-253A7550-01-mai-2019-1024x683.jpg\" class=\"gallery_colorbox\"><img loading=\"lazy\" decoding=\"async\" width=\"1024\" height=\"683\" src=\"https:\/\/www.vivonsbachy.fr\/wp-content\/uploads\/2019\/05\/6e\u0300me-marche-du-muguet-253A7550-01-mai-2019-1024x683.jpg\"  alt=\"\" data-id=\"6123\" data-link=\"https:\/\/www.vivonsbachy.fr\/?attachment_id=6123\" class=\"wp-image-6123\" srcset=\"https:\/\/www.vivonsbachy.fr\/wp-content\/uploads\/2019\/05\/6e\u0300me-marche-du-muguet-253A7550-01-mai-2019-1024x683.jpg 1024w, https:\/\/www.vivonsbachy.fr\/wp-content\/uploads\/2019\/05\/6e\u0300me-marche-du-muguet-253A7550-01-mai-2019-300x200.jpg 300w, https:\/\/www.vivonsbachy.fr\/wp-content\/uploads\/2019\/05\/6e\u0300me-marche-du-muguet-253A7550-01-mai-2019-768x512.jpg 768w\" sizes=\"(max-width: 1024px) 100vw, 1024px\" \/><\/a><\/figure><\/li><li class=\"blocks-gallery-item\"><figure><a href=\"https:\/\/www.vivonsbachy.fr\/wp-content\/uploads\/2019\/05\/6e\u0300me-marche-du-muguet-253A7552-01-mai-2019-1024x683.jpg\" class=\"gallery_colorbox\"><img loading=\"lazy\" decoding=\"async\" width=\"1024\" height=\"683\" src=\"https:\/\/www.vivonsbachy.fr\/wp-content\/uploads\/2019\/05\/6e\u0300me-marche-du-muguet-253A7552-01-mai-2019-1024x683.jpg\"  alt=\"\" data-id=\"6124\" data-link=\"https:\/\/www.vivonsbachy.fr\/?attachment_id=6124\" class=\"wp-image-6124\" srcset=\"https:\/\/www.vivonsbachy.fr\/wp-content\/uploads\/2019\/05\/6e\u0300me-marche-du-muguet-253A7552-01-mai-2019-1024x683.jpg 1024w, https:\/\/www.vivonsbachy.fr\/wp-content\/uploads\/2019\/05\/6e\u0300me-marche-du-muguet-253A7552-01-mai-2019-300x200.jpg 300w, https:\/\/www.vivonsbachy.fr\/wp-content\/uploads\/2019\/05\/6e\u0300me-marche-du-muguet-253A7552-01-mai-2019-768x512.jpg 768w\" sizes=\"(max-width: 1024px) 100vw, 1024px\" \/><\/a><\/figure><\/li><li class=\"blocks-gallery-item\"><figure><a href=\"https:\/\/www.vivonsbachy.fr\/wp-content\/uploads\/2019\/05\/6e\u0300me-marche-du-muguet-253A7553-01-mai-2019-1024x683.jpg\" class=\"gallery_colorbox\"><img loading=\"lazy\" decoding=\"async\" width=\"1024\" height=\"683\" src=\"https:\/\/www.vivonsbachy.fr\/wp-content\/uploads\/2019\/05\/6e\u0300me-marche-du-muguet-253A7553-01-mai-2019-1024x683.jpg\"  alt=\"\" data-id=\"6125\" data-link=\"https:\/\/www.vivonsbachy.fr\/?attachment_id=6125\" class=\"wp-image-6125\" srcset=\"https:\/\/www.vivonsbachy.fr\/wp-content\/uploads\/2019\/05\/6e\u0300me-marche-du-muguet-253A7553-01-mai-2019-1024x683.jpg 1024w, https:\/\/www.vivonsbachy.fr\/wp-content\/uploads\/2019\/05\/6e\u0300me-marche-du-muguet-253A7553-01-mai-2019-300x200.jpg 300w, https:\/\/www.vivonsbachy.fr\/wp-content\/uploads\/2019\/05\/6e\u0300me-marche-du-muguet-253A7553-01-mai-2019-768x512.jpg 768w\" sizes=\"(max-width: 1024px) 100vw, 1024px\" \/><\/a><\/figure><\/li><li class=\"blocks-gallery-item\"><figure><a href=\"https:\/\/www.vivonsbachy.fr\/wp-content\/uploads\/2019\/05\/6e\u0300me-marche-du-muguet-253A7554-01-mai-2019-1024x683.jpg\" class=\"gallery_colorbox\"><img loading=\"lazy\" decoding=\"async\" width=\"1024\" height=\"683\" src=\"https:\/\/www.vivonsbachy.fr\/wp-content\/uploads\/2019\/05\/6e\u0300me-marche-du-muguet-253A7554-01-mai-2019-1024x683.jpg\"  alt=\"\" data-id=\"6126\" data-link=\"https:\/\/www.vivonsbachy.fr\/?attachment_id=6126\" class=\"wp-image-6126\" srcset=\"https:\/\/www.vivonsbachy.fr\/wp-content\/uploads\/2019\/05\/6e\u0300me-marche-du-muguet-253A7554-01-mai-2019-1024x683.jpg 1024w, https:\/\/www.vivonsbachy.fr\/wp-content\/uploads\/2019\/05\/6e\u0300me-marche-du-muguet-253A7554-01-mai-2019-300x200.jpg 300w, https:\/\/www.vivonsbachy.fr\/wp-content\/uploads\/2019\/05\/6e\u0300me-marche-du-muguet-253A7554-01-mai-2019-768x512.jpg 768w\" sizes=\"(max-width: 1024px) 100vw, 1024px\" \/><\/a><\/figure><\/li><li class=\"blocks-gallery-item\"><figure><a href=\"https:\/\/www.vivonsbachy.fr\/wp-content\/uploads\/2019\/05\/6e\u0300me-marche-du-muguet-253A7555-01-mai-2019-1024x683.jpg\" class=\"gallery_colorbox\"><img loading=\"lazy\" decoding=\"async\" width=\"1024\" height=\"683\" src=\"https:\/\/www.vivonsbachy.fr\/wp-content\/uploads\/2019\/05\/6e\u0300me-marche-du-muguet-253A7555-01-mai-2019-1024x683.jpg\"  alt=\"\" data-id=\"6127\" data-link=\"https:\/\/www.vivonsbachy.fr\/?attachment_id=6127\" class=\"wp-image-6127\" srcset=\"https:\/\/www.vivonsbachy.fr\/wp-content\/uploads\/2019\/05\/6e\u0300me-marche-du-muguet-253A7555-01-mai-2019-1024x683.jpg 1024w, https:\/\/www.vivonsbachy.fr\/wp-content\/uploads\/2019\/05\/6e\u0300me-marche-du-muguet-253A7555-01-mai-2019-300x200.jpg 300w, https:\/\/www.vivonsbachy.fr\/wp-content\/uploads\/2019\/05\/6e\u0300me-marche-du-muguet-253A7555-01-mai-2019-768x512.jpg 768w\" sizes=\"(max-width: 1024px) 100vw, 1024px\" \/><\/a><\/figure><\/li><\/ul>\n","protected":false},"excerpt":{"rendered":"<p>Avec le tr\u00e8s beau temps qu&rsquo;il a fait ce 1er mai, c&rsquo;est une r\u00e9ussite totale pour cette 6 \u00e8me marche du muguet. 5 \u00e9nigmes \u00e9taient \u00e0 d\u00e9couvrir sur les 2 parcours propos\u00e9s (6 &amp; 10 km) pour trouver une phrase &hellip; <a href=\"https:\/\/www.vivonsbachy.fr\/?page_id=6082\">Continuer la lecture <span class=\"meta-nav\">&rarr;<\/span><\/a><\/p>\n","protected":false},"author":1,"featured_media":0,"parent":6061,"menu_order":0,"comment_status":"closed","ping_status":"closed","template":"","meta":{"footnotes":""},"_links":{"self":[{"href":"https:\/\/www.vivonsbachy.fr\/index.php?rest_route=\/wp\/v2\/pages\/6082"}],"collection":[{"href":"https:\/\/www.vivonsbachy.fr\/index.php?rest_route=\/wp\/v2\/pages"}],"about":[{"href":"https:\/\/www.vivonsbachy.fr\/index.php?rest_route=\/wp\/v2\/types\/page"}],"author":[{"embeddable":true,"href":"https:\/\/www.vivonsbachy.fr\/index.php?rest_route=\/wp\/v2\/users\/1"}],"replies":[{"embeddable":true,"href":"https:\/\/www.vivonsbachy.fr\/index.php?rest_route=%2Fwp%2Fv2%2Fcomments&post=6082"}],"version-history":[{"count":3,"href":"https:\/\/www.vivonsbachy.fr\/index.php?rest_route=\/wp\/v2\/pages\/6082\/revisions"}],"predecessor-version":[{"id":6128,"href":"https:\/\/www.vivonsbachy.fr\/index.php?rest_route=\/wp\/v2\/pages\/6082\/revisions\/6128"}],"up":[{"embeddable":true,"href":"https:\/\/www.vivonsbachy.fr\/index.php?rest_route=\/wp\/v2\/pages\/6061"}],"wp:attachment":[{"href":"https:\/\/www.vivonsbachy.fr\/index.php?rest_route=%2Fwp%2Fv2%2Fmedia&parent=6082"}],"curies":[{"name":"wp","href":"https:\/\/api.w.org\/{rel}","templated":true}]}}